{"id":221,"date":"2015-10-09T16:08:35","date_gmt":"2015-10-09T13:08:35","guid":{"rendered":"http:\/\/finnairinsukeltajat.fi\/?page_id=221"},"modified":"2021-01-02T20:46:56","modified_gmt":"2021-01-02T18:46:56","slug":"kerhon-venekalusto-2","status":"publish","type":"page","link":"http:\/\/finnairinsukeltajat.fi\/?page_id=221","title":{"rendered":"Kerhon venekalusto"},"content":{"rendered":"<p><\/p>\n<h3>Cicilia II<\/h3>\n<p><a href=\"https:\/\/i0.wp.com\/finnairinsukeltajat.fi\/wp-content\/uploads\/2015\/10\/IMG_7524.jpg\"><img data-recalc-dims=\"1\" loading=\"lazy\" decoding=\"async\" class=\"alignnone wp-image-225 size-medium\" src=\"https:\/\/i0.wp.com\/finnairinsukeltajat.fi\/wp-content\/uploads\/2015\/10\/IMG_7524.jpg?resize=300%2C200\" alt=\"IMG_7524\" width=\"300\" height=\"200\" srcset=\"https:\/\/i0.wp.com\/finnairinsukeltajat.fi\/wp-content\/uploads\/2015\/10\/IMG_7524.jpg?resize=300%2C200 300w, https:\/\/i0.wp.com\/finnairinsukeltajat.fi\/wp-content\/uploads\/2015\/10\/IMG_7524.jpg?resize=1024%2C683 1024w, https:\/\/i0.wp.com\/finnairinsukeltajat.fi\/wp-content\/uploads\/2015\/10\/IMG_7524.jpg?resize=900%2C600 900w, https:\/\/i0.wp.com\/finnairinsukeltajat.fi\/wp-content\/uploads\/2015\/10\/IMG_7524.jpg?resize=1280%2C853 1280w, https:\/\/i0.wp.com\/finnairinsukeltajat.fi\/wp-content\/uploads\/2015\/10\/IMG_7524.jpg?w=1500 1500w, https:\/\/i0.wp.com\/finnairinsukeltajat.fi\/wp-content\/uploads\/2015\/10\/IMG_7524.jpg?w=2250 2250w\" sizes=\"auto, (max-width: 300px) 100vw, 300px\" \/><\/a> <a href=\"https:\/\/i0.wp.com\/finnairinsukeltajat.fi\/wp-content\/uploads\/2015\/10\/IMG_7500.jpg\"><img data-recalc-dims=\"1\" loading=\"lazy\" decoding=\"async\" class=\"alignnone size-medium wp-image-224\" src=\"https:\/\/i0.wp.com\/finnairinsukeltajat.fi\/wp-content\/uploads\/2015\/10\/IMG_7500.jpg?resize=300%2C200\" alt=\"IMG_7500\" width=\"300\" height=\"200\" srcset=\"https:\/\/i0.wp.com\/finnairinsukeltajat.fi\/wp-content\/uploads\/2015\/10\/IMG_7500.jpg?resize=300%2C200 300w, https:\/\/i0.wp.com\/finnairinsukeltajat.fi\/wp-content\/uploads\/2015\/10\/IMG_7500.jpg?resize=1024%2C683 1024w, https:\/\/i0.wp.com\/finnairinsukeltajat.fi\/wp-content\/uploads\/2015\/10\/IMG_7500.jpg?resize=900%2C600 900w, https:\/\/i0.wp.com\/finnairinsukeltajat.fi\/wp-content\/uploads\/2015\/10\/IMG_7500.jpg?resize=1280%2C853 1280w, https:\/\/i0.wp.com\/finnairinsukeltajat.fi\/wp-content\/uploads\/2015\/10\/IMG_7500.jpg?w=1500 1500w, https:\/\/i0.wp.com\/finnairinsukeltajat.fi\/wp-content\/uploads\/2015\/10\/IMG_7500.jpg?w=2250 2250w\" sizes=\"auto, (max-width: 300px) 100vw, 300px\" \/><\/a> <a href=\"https:\/\/i0.wp.com\/finnairinsukeltajat.fi\/wp-content\/uploads\/2015\/10\/IMG_7498.jpg\"><img data-recalc-dims=\"1\" loading=\"lazy\" decoding=\"async\" class=\"alignnone size-medium wp-image-223\" src=\"https:\/\/i0.wp.com\/finnairinsukeltajat.fi\/wp-content\/uploads\/2015\/10\/IMG_7498.jpg?resize=300%2C200\" alt=\"IMG_7498\" width=\"300\" height=\"200\" srcset=\"https:\/\/i0.wp.com\/finnairinsukeltajat.fi\/wp-content\/uploads\/2015\/10\/IMG_7498.jpg?resize=300%2C200 300w, https:\/\/i0.wp.com\/finnairinsukeltajat.fi\/wp-content\/uploads\/2015\/10\/IMG_7498.jpg?resize=1024%2C683 1024w, https:\/\/i0.wp.com\/finnairinsukeltajat.fi\/wp-content\/uploads\/2015\/10\/IMG_7498.jpg?resize=900%2C600 900w, https:\/\/i0.wp.com\/finnairinsukeltajat.fi\/wp-content\/uploads\/2015\/10\/IMG_7498.jpg?resize=1280%2C853 1280w, https:\/\/i0.wp.com\/finnairinsukeltajat.fi\/wp-content\/uploads\/2015\/10\/IMG_7498.jpg?w=1500 1500w, https:\/\/i0.wp.com\/finnairinsukeltajat.fi\/wp-content\/uploads\/2015\/10\/IMG_7498.jpg?w=2250 2250w\" sizes=\"auto, (max-width: 300px) 100vw, 300px\" \/><\/a><\/p>\n<p>Puoliliukuva 8,3m pitk\u00e4 ja 3,1m leve\u00e4 Naviga 8s vene.<\/p>\n<p>Hankintavuosi 2014<br \/>Moottori: Iveco Aifo 250hp vuodelta 2005.<br \/>Nopeus: Max 25 solmua, taloudellinen matkavauhti 14-17 solmua.<br \/>Varustus: Katsastus varusteet, uimataso tikkailla, kaksi ankkuria + 50m ankkuriliina, k\u00f6ysi\u00e4.<br \/>Plotteri, kaiku, l\u00e4mmitin, keitin ja grilli.<br \/>Veneen k\u00e4ytt\u00f6: Viikko- ja viikonloppukeikkoja, sek\u00e4 kes\u00e4- ja syysleiri.<br \/>Suositeltavin sukeltajien m\u00e4\u00e4r\u00e4 on kahdeksan, tilan k\u00e4yt\u00f6n takia, maksimi kymmenen henke\u00e4.<br \/>Venett\u00e4 ajaa vain siihen nimetyt kuskit.<br \/>S\u00e4ilytys: Laiturissa Laajasalon Sarvastossa.<br \/><br \/><br \/><\/p>\n<h3><strong>Barbara III<\/strong><\/h3>\n\n\t\t<style type=\"text\/css\">\n\t\t\t#gallery-1 {\n\t\t\t\tmargin: auto;\n\t\t\t}\n\t\t\t#gallery-1 .gallery-item {\n\t\t\t\tfloat: left;\n\t\t\t\tmargin-top: 10px;\n\t\t\t\ttext-align: center;\n\t\t\t\twidth: 33%;\n\t\t\t}\n\t\t\t#gallery-1 img {\n\t\t\t\tborder: 2px solid #cfcfcf;\n\t\t\t}\n\t\t\t#gallery-1 .gallery-caption {\n\t\t\t\tmargin-left: 0;\n\t\t\t}\n\t\t\t\/* see gallery_shortcode() in wp-includes\/media.php *\/\n\t\t<\/style>\n\t\t<div id='gallery-1' class='gallery galleryid-221 gallery-columns-3 gallery-size-large'><dl class='gallery-item'>\n\t\t\t<dt class='gallery-icon landscape'>\n\t\t\t\t<a href='http:\/\/finnairinsukeltajat.fi\/?attachment_id=297'><img loading=\"lazy\" decoding=\"async\" width=\"750\" height=\"563\" src=\"https:\/\/i0.wp.com\/finnairinsukeltajat.fi\/wp-content\/uploads\/2015\/11\/barbaravauti.jpg?fit=750%2C563\" class=\"attachment-large size-large\" alt=\"\" srcset=\"https:\/\/i0.wp.com\/finnairinsukeltajat.fi\/wp-content\/uploads\/2015\/11\/barbaravauti.jpg?w=912 912w, https:\/\/i0.wp.com\/finnairinsukeltajat.fi\/wp-content\/uploads\/2015\/11\/barbaravauti.jpg?resize=300%2C225 300w, https:\/\/i0.wp.com\/finnairinsukeltajat.fi\/wp-content\/uploads\/2015\/11\/barbaravauti.jpg?resize=900%2C675 900w\" sizes=\"auto, (max-width: 750px) 100vw, 750px\" \/><\/a>\n\t\t\t<\/dt><\/dl><dl class='gallery-item'>\n\t\t\t<dt class='gallery-icon landscape'>\n\t\t\t\t<a href='http:\/\/finnairinsukeltajat.fi\/?attachment_id=295'><img loading=\"lazy\" decoding=\"async\" width=\"522\" height=\"392\" src=\"https:\/\/i0.wp.com\/finnairinsukeltajat.fi\/wp-content\/uploads\/2015\/11\/barbara-poikukeikalla-2006.jpg?fit=522%2C392\" class=\"attachment-large size-large\" alt=\"\" srcset=\"https:\/\/i0.wp.com\/finnairinsukeltajat.fi\/wp-content\/uploads\/2015\/11\/barbara-poikukeikalla-2006.jpg?w=522 522w, https:\/\/i0.wp.com\/finnairinsukeltajat.fi\/wp-content\/uploads\/2015\/11\/barbara-poikukeikalla-2006.jpg?resize=300%2C225 300w\" sizes=\"auto, (max-width: 522px) 100vw, 522px\" \/><\/a>\n\t\t\t<\/dt><\/dl><dl class='gallery-item'>\n\t\t\t<dt class='gallery-icon landscape'>\n\t\t\t\t<a href='http:\/\/finnairinsukeltajat.fi\/?attachment_id=296'><img loading=\"lazy\" decoding=\"async\" width=\"376\" height=\"239\" src=\"https:\/\/i0.wp.com\/finnairinsukeltajat.fi\/wp-content\/uploads\/2015\/11\/barbara.jpg?fit=376%2C239\" class=\"attachment-large size-large\" alt=\"\" srcset=\"https:\/\/i0.wp.com\/finnairinsukeltajat.fi\/wp-content\/uploads\/2015\/11\/barbara.jpg?w=376 376w, https:\/\/i0.wp.com\/finnairinsukeltajat.fi\/wp-content\/uploads\/2015\/11\/barbara.jpg?resize=300%2C191 300w\" sizes=\"auto, (max-width: 376px) 100vw, 376px\" \/><\/a>\n\t\t\t<\/dt><\/dl><br style=\"clear: both\" \/>\n\t\t<\/div>\n\n<p>Kovapohjainen 5,5 m pitk\u00e4 Bombair kumivene<\/p>\n<p>Hankinta vuosi 2005<br \/>Moottori: Yamahan 90 AETOL per\u00e4moottori vuodelta 2005<br \/>Nopeus: Max 30 solmua, taloudellinen matkavauhti19-21 solmua.<br \/>Varustus: Plotteri viistokaiulla, ankkuri+50m ankuriliina, sammutin, ensiapupakkaus,<br \/>varapotkuri, ty\u00f6kaluja.<br \/>Veneenk\u00e4ytt\u00f6: Iltakeikat, leirit ja pienten porukoiden omat retket.<br \/>Suositeltava m\u00e4\u00e4r\u00e4 sukeltajia 4-5<br \/>Venett\u00e4 saa lainaksi kokeneet pienvenekuskit.<br \/>S\u00e4ilytys: Trailerin p\u00e4\u00e4ll\u00e4<br \/><br \/><br \/><br \/><br \/><\/p>\n<p><\/p>\n<p><b><span style=\"font-size: large;\">Vuosien saatossa on Finnairin Sukeltajat matkanneet kaiken kokoisia ja n\u00e4k\u00f6isill\u00e4 aluksilla. T\u00e4ss\u00e4 onkin kuvia niist\u00e4 joistakin.<\/span><\/b><\/p>\n\n\t\t<style type=\"text\/css\">\n\t\t\t#gallery-2 {\n\t\t\t\tmargin: auto;\n\t\t\t}\n\t\t\t#gallery-2 .gallery-item {\n\t\t\t\tfloat: left;\n\t\t\t\tmargin-top: 10px;\n\t\t\t\ttext-align: center;\n\t\t\t\twidth: 25%;\n\t\t\t}\n\t\t\t#gallery-2 img {\n\t\t\t\tborder: 2px solid #cfcfcf;\n\t\t\t}\n\t\t\t#gallery-2 .gallery-caption {\n\t\t\t\tmargin-left: 0;\n\t\t\t}\n\t\t\t\/* see gallery_shortcode() in wp-includes\/media.php *\/\n\t\t<\/style>\n\t\t<div id='gallery-2' class='gallery galleryid-221 gallery-columns-4 gallery-size-thumbnail'><dl class='gallery-item'>\n\t\t\t<dt class='gallery-icon landscape'>\n\t\t\t\t<a href='http:\/\/finnairinsukeltajat.fi\/?attachment_id=530'><img loading=\"lazy\" decoding=\"async\" width=\"150\" height=\"150\" src=\"https:\/\/i0.wp.com\/finnairinsukeltajat.fi\/wp-content\/uploads\/2016\/01\/barbaraI2.jpg?resize=150%2C150\" class=\"attachment-thumbnail size-thumbnail\" alt=\"\" srcset=\"https:\/\/i0.wp.com\/finnairinsukeltajat.fi\/wp-content\/uploads\/2016\/01\/barbaraI2.jpg?resize=150%2C150 150w, https:\/\/i0.wp.com\/finnairinsukeltajat.fi\/wp-content\/uploads\/2016\/01\/barbaraI2.jpg?resize=88%2C88 88w\" sizes=\"auto, (max-width: 150px) 100vw, 150px\" \/><\/a>\n\t\t\t<\/dt><\/dl><dl class='gallery-item'>\n\t\t\t<dt class='gallery-icon landscape'>\n\t\t\t\t<a href='http:\/\/finnairinsukeltajat.fi\/?attachment_id=528'><img loading=\"lazy\" decoding=\"async\" width=\"150\" height=\"150\" src=\"https:\/\/i0.wp.com\/finnairinsukeltajat.fi\/wp-content\/uploads\/2016\/01\/barbara1.jpg?resize=150%2C150\" class=\"attachment-thumbnail size-thumbnail\" alt=\"\" aria-describedby=\"gallery-2-528\" srcset=\"https:\/\/i0.wp.com\/finnairinsukeltajat.fi\/wp-content\/uploads\/2016\/01\/barbara1.jpg?resize=150%2C150 150w, https:\/\/i0.wp.com\/finnairinsukeltajat.fi\/wp-content\/uploads\/2016\/01\/barbara1.jpg?resize=88%2C88 88w, https:\/\/i0.wp.com\/finnairinsukeltajat.fi\/wp-content\/uploads\/2016\/01\/barbara1.jpg?zoom=2&amp;resize=150%2C150 300w\" sizes=\"auto, (max-width: 150px) 100vw, 150px\" \/><\/a>\n\t\t\t<\/dt>\n\t\t\t\t<dd class='wp-caption-text gallery-caption' id='gallery-2-528'>\n\t\t\t\tT\u00e4m\u00e4 on palvellut eri omistuksessa meit\u00e4 yli 20v. Siis suhteellisen kest\u00e4v\u00e4 vene. Kuvassa Keke, Hessu ja Esa\n\t\t\t\t<\/dd><\/dl><dl class='gallery-item'>\n\t\t\t<dt class='gallery-icon landscape'>\n\t\t\t\t<a href='http:\/\/finnairinsukeltajat.fi\/?attachment_id=532'><img loading=\"lazy\" decoding=\"async\" width=\"150\" height=\"150\" src=\"https:\/\/i0.wp.com\/finnairinsukeltajat.fi\/wp-content\/uploads\/2016\/01\/dania1.jpg?resize=150%2C150\" class=\"attachment-thumbnail size-thumbnail\" alt=\"\" aria-describedby=\"gallery-2-532\" srcset=\"https:\/\/i0.wp.com\/finnairinsukeltajat.fi\/wp-content\/uploads\/2016\/01\/dania1.jpg?resize=150%2C150 150w, https:\/\/i0.wp.com\/finnairinsukeltajat.fi\/wp-content\/uploads\/2016\/01\/dania1.jpg?resize=88%2C88 88w, https:\/\/i0.wp.com\/finnairinsukeltajat.fi\/wp-content\/uploads\/2016\/01\/dania1.jpg?zoom=2&amp;resize=150%2C150 300w\" sizes=\"auto, (max-width: 150px) 100vw, 150px\" \/><\/a>\n\t\t\t<\/dt>\n\t\t\t\t<dd class='wp-caption-text gallery-caption' id='gallery-2-532'>\n\t\t\t\tDania on mukana niin iltakeikoilla kuin my\u00f6s leireill\u00e4. Kuvassa syysleirill\u00e4 2003.\n\t\t\t\t<\/dd><\/dl><dl class='gallery-item'>\n\t\t\t<dt class='gallery-icon landscape'>\n\t\t\t\t<a href='http:\/\/finnairinsukeltajat.fi\/?attachment_id=539'><img loading=\"lazy\" decoding=\"async\" width=\"150\" height=\"150\" src=\"https:\/\/i0.wp.com\/finnairinsukeltajat.fi\/wp-content\/uploads\/2016\/01\/riia2.jpg?resize=150%2C150\" class=\"attachment-thumbnail size-thumbnail\" alt=\"\" aria-describedby=\"gallery-2-539\" srcset=\"https:\/\/i0.wp.com\/finnairinsukeltajat.fi\/wp-content\/uploads\/2016\/01\/riia2.jpg?resize=150%2C150 150w, https:\/\/i0.wp.com\/finnairinsukeltajat.fi\/wp-content\/uploads\/2016\/01\/riia2.jpg?resize=88%2C88 88w, https:\/\/i0.wp.com\/finnairinsukeltajat.fi\/wp-content\/uploads\/2016\/01\/riia2.jpg?zoom=2&amp;resize=150%2C150 300w\" sizes=\"auto, (max-width: 150px) 100vw, 150px\" \/><\/a>\n\t\t\t<\/dt>\n\t\t\t\t<dd class='wp-caption-text gallery-caption' id='gallery-2-539'>\n\t\t\t\tRiia uudessa v\u00e4rityksess\u00e4. Kuva syysleirilt\u00e4 2000. Veneet ovat olleet mukana lukuisilla syysleireill\u00e4\n\t\t\t\t<\/dd><\/dl><br style=\"clear: both\" \/><dl class='gallery-item'>\n\t\t\t<dt class='gallery-icon landscape'>\n\t\t\t\t<a href='http:\/\/finnairinsukeltajat.fi\/?attachment_id=538'><img loading=\"lazy\" decoding=\"async\" width=\"150\" height=\"150\" src=\"https:\/\/i0.wp.com\/finnairinsukeltajat.fi\/wp-content\/uploads\/2016\/01\/riia.jpg?resize=150%2C150\" class=\"attachment-thumbnail size-thumbnail\" alt=\"\" aria-describedby=\"gallery-2-538\" srcset=\"https:\/\/i0.wp.com\/finnairinsukeltajat.fi\/wp-content\/uploads\/2016\/01\/riia.jpg?resize=150%2C150 150w, https:\/\/i0.wp.com\/finnairinsukeltajat.fi\/wp-content\/uploads\/2016\/01\/riia.jpg?resize=88%2C88 88w, https:\/\/i0.wp.com\/finnairinsukeltajat.fi\/wp-content\/uploads\/2016\/01\/riia.jpg?zoom=2&amp;resize=150%2C150 300w, https:\/\/i0.wp.com\/finnairinsukeltajat.fi\/wp-content\/uploads\/2016\/01\/riia.jpg?zoom=3&amp;resize=150%2C150 450w\" sizes=\"auto, (max-width: 150px) 100vw, 150px\" \/><\/a>\n\t\t\t<\/dt>\n\t\t\t\t<dd class='wp-caption-text gallery-caption' id='gallery-2-538'>\n\t\t\t\tAegviidu ( Magneetti) ja Riia . Kuvassa Riia valkoisena. Ven\u00e4l\u00e4isi\u00e4 rannikkovartio aluksia.\n\t\t\t\t<\/dd><\/dl><dl class='gallery-item'>\n\t\t\t<dt class='gallery-icon landscape'>\n\t\t\t\t<a href='http:\/\/finnairinsukeltajat.fi\/?attachment_id=534'><img loading=\"lazy\" decoding=\"async\" width=\"150\" height=\"150\" src=\"https:\/\/i0.wp.com\/finnairinsukeltajat.fi\/wp-content\/uploads\/2016\/01\/eila.jpg?resize=150%2C150\" class=\"attachment-thumbnail size-thumbnail\" alt=\"\" aria-describedby=\"gallery-2-534\" srcset=\"https:\/\/i0.wp.com\/finnairinsukeltajat.fi\/wp-content\/uploads\/2016\/01\/eila.jpg?resize=150%2C150 150w, https:\/\/i0.wp.com\/finnairinsukeltajat.fi\/wp-content\/uploads\/2016\/01\/eila.jpg?resize=88%2C88 88w\" sizes=\"auto, (max-width: 150px) 100vw, 150px\" \/><\/a>\n\t\t\t<\/dt>\n\t\t\t\t<dd class='wp-caption-text gallery-caption' id='gallery-2-534'>\n\t\t\t\tT\u00e4htisen Masan Eila. Esimerkiksi Ladogan reissut\n\t\t\t\t<\/dd><\/dl><dl class='gallery-item'>\n\t\t\t<dt class='gallery-icon portrait'>\n\t\t\t\t<a href='http:\/\/finnairinsukeltajat.fi\/?attachment_id=542'><img loading=\"lazy\" decoding=\"async\" width=\"150\" height=\"150\" src=\"https:\/\/i0.wp.com\/finnairinsukeltajat.fi\/wp-content\/uploads\/2016\/01\/tuftuf2.jpg?resize=150%2C150\" class=\"attachment-thumbnail size-thumbnail\" alt=\"\" aria-describedby=\"gallery-2-542\" srcset=\"https:\/\/i0.wp.com\/finnairinsukeltajat.fi\/wp-content\/uploads\/2016\/01\/tuftuf2.jpg?resize=150%2C150 150w, https:\/\/i0.wp.com\/finnairinsukeltajat.fi\/wp-content\/uploads\/2016\/01\/tuftuf2.jpg?resize=88%2C88 88w\" sizes=\"auto, (max-width: 150px) 100vw, 150px\" \/><\/a>\n\t\t\t<\/dt>\n\t\t\t\t<dd class='wp-caption-text gallery-caption' id='gallery-2-542'>\n\t\t\t\t Jussilla on jotain mieless\u00e4.\n\t\t\t\t<\/dd><\/dl><dl class='gallery-item'>\n\t\t\t<dt class='gallery-icon landscape'>\n\t\t\t\t<a href='http:\/\/finnairinsukeltajat.fi\/?attachment_id=541'><img loading=\"lazy\" decoding=\"async\" width=\"150\" height=\"150\" src=\"https:\/\/i0.wp.com\/finnairinsukeltajat.fi\/wp-content\/uploads\/2016\/01\/tuftuf.jpg?resize=150%2C150\" class=\"attachment-thumbnail size-thumbnail\" alt=\"\" aria-describedby=\"gallery-2-541\" srcset=\"https:\/\/i0.wp.com\/finnairinsukeltajat.fi\/wp-content\/uploads\/2016\/01\/tuftuf.jpg?resize=150%2C150 150w, https:\/\/i0.wp.com\/finnairinsukeltajat.fi\/wp-content\/uploads\/2016\/01\/tuftuf.jpg?resize=88%2C88 88w, https:\/\/i0.wp.com\/finnairinsukeltajat.fi\/wp-content\/uploads\/2016\/01\/tuftuf.jpg?zoom=2&amp;resize=150%2C150 300w\" sizes=\"auto, (max-width: 150px) 100vw, 150px\" \/><\/a>\n\t\t\t<\/dt>\n\t\t\t\t<dd class='wp-caption-text gallery-caption' id='gallery-2-541'>\n\t\t\t\tRuoka maistuu Hessulle ja Makelle\n\t\t\t\t<\/dd><\/dl><br style=\"clear: both\" \/><dl class='gallery-item'>\n\t\t\t<dt class='gallery-icon landscape'>\n\t\t\t\t<a href='http:\/\/finnairinsukeltajat.fi\/?attachment_id=529'><img loading=\"lazy\" decoding=\"async\" width=\"150\" height=\"150\" src=\"https:\/\/i0.wp.com\/finnairinsukeltajat.fi\/wp-content\/uploads\/2016\/01\/barbara2.jpg?resize=150%2C150\" class=\"attachment-thumbnail size-thumbnail\" alt=\"\" srcset=\"https:\/\/i0.wp.com\/finnairinsukeltajat.fi\/wp-content\/uploads\/2016\/01\/barbara2.jpg?resize=150%2C150 150w, https:\/\/i0.wp.com\/finnairinsukeltajat.fi\/wp-content\/uploads\/2016\/01\/barbara2.jpg?resize=88%2C88 88w, https:\/\/i0.wp.com\/finnairinsukeltajat.fi\/wp-content\/uploads\/2016\/01\/barbara2.jpg?zoom=2&amp;resize=150%2C150 300w\" sizes=\"auto, (max-width: 150px) 100vw, 150px\" \/><\/a>\n\t\t\t<\/dt><\/dl><dl class='gallery-item'>\n\t\t\t<dt class='gallery-icon landscape'>\n\t\t\t\t<a href='http:\/\/finnairinsukeltajat.fi\/?attachment_id=544'><img loading=\"lazy\" decoding=\"async\" width=\"150\" height=\"150\" src=\"https:\/\/i0.wp.com\/finnairinsukeltajat.fi\/wp-content\/uploads\/2016\/01\/uusikumppari.jpg?resize=150%2C150\" class=\"attachment-thumbnail size-thumbnail\" alt=\"\" srcset=\"https:\/\/i0.wp.com\/finnairinsukeltajat.fi\/wp-content\/uploads\/2016\/01\/uusikumppari.jpg?resize=150%2C150 150w, https:\/\/i0.wp.com\/finnairinsukeltajat.fi\/wp-content\/uploads\/2016\/01\/uusikumppari.jpg?resize=88%2C88 88w, https:\/\/i0.wp.com\/finnairinsukeltajat.fi\/wp-content\/uploads\/2016\/01\/uusikumppari.jpg?zoom=2&amp;resize=150%2C150 300w\" sizes=\"auto, (max-width: 150px) 100vw, 150px\" \/><\/a>\n\t\t\t<\/dt><\/dl><dl class='gallery-item'>\n\t\t\t<dt class='gallery-icon landscape'>\n\t\t\t\t<a href='http:\/\/finnairinsukeltajat.fi\/?attachment_id=537'><img loading=\"lazy\" decoding=\"async\" width=\"150\" height=\"150\" src=\"https:\/\/i0.wp.com\/finnairinsukeltajat.fi\/wp-content\/uploads\/2016\/01\/orbiit.jpg?resize=150%2C150\" class=\"attachment-thumbnail size-thumbnail\" alt=\"\" aria-describedby=\"gallery-2-537\" srcset=\"https:\/\/i0.wp.com\/finnairinsukeltajat.fi\/wp-content\/uploads\/2016\/01\/orbiit.jpg?resize=150%2C150 150w, https:\/\/i0.wp.com\/finnairinsukeltajat.fi\/wp-content\/uploads\/2016\/01\/orbiit.jpg?resize=88%2C88 88w, https:\/\/i0.wp.com\/finnairinsukeltajat.fi\/wp-content\/uploads\/2016\/01\/orbiit.jpg?zoom=2&amp;resize=150%2C150 300w, https:\/\/i0.wp.com\/finnairinsukeltajat.fi\/wp-content\/uploads\/2016\/01\/orbiit.jpg?zoom=3&amp;resize=150%2C150 450w\" sizes=\"auto, (max-width: 150px) 100vw, 150px\" \/><\/a>\n\t\t\t<\/dt>\n\t\t\t\t<dd class='wp-caption-text gallery-caption' id='gallery-2-537'>\n\t\t\t\tOrbiitilla olemme jo useampana vuonna tehneet kaksi viikon mittaista keikkaa kes\u00e4ss\u00e4\n\t\t\t\t<\/dd><\/dl><dl class='gallery-item'>\n\t\t\t<dt class='gallery-icon landscape'>\n\t\t\t\t<a href='http:\/\/finnairinsukeltajat.fi\/?attachment_id=540'><img loading=\"lazy\" decoding=\"async\" width=\"150\" height=\"150\" src=\"https:\/\/i0.wp.com\/finnairinsukeltajat.fi\/wp-content\/uploads\/2016\/01\/riia3.jpg?resize=150%2C150\" class=\"attachment-thumbnail size-thumbnail\" alt=\"\" srcset=\"https:\/\/i0.wp.com\/finnairinsukeltajat.fi\/wp-content\/uploads\/2016\/01\/riia3.jpg?resize=150%2C150 150w, https:\/\/i0.wp.com\/finnairinsukeltajat.fi\/wp-content\/uploads\/2016\/01\/riia3.jpg?resize=88%2C88 88w, https:\/\/i0.wp.com\/finnairinsukeltajat.fi\/wp-content\/uploads\/2016\/01\/riia3.jpg?zoom=2&amp;resize=150%2C150 300w\" sizes=\"auto, (max-width: 150px) 100vw, 150px\" \/><\/a>\n\t\t\t<\/dt><\/dl><br style=\"clear: both\" \/><dl class='gallery-item'>\n\t\t\t<dt class='gallery-icon landscape'>\n\t\t\t\t<a href='http:\/\/finnairinsukeltajat.fi\/?attachment_id=525'><img loading=\"lazy\" decoding=\"async\" width=\"150\" height=\"150\" src=\"https:\/\/i0.wp.com\/finnairinsukeltajat.fi\/wp-content\/uploads\/2016\/01\/kumppari1.jpg?resize=150%2C150\" class=\"attachment-thumbnail size-thumbnail\" alt=\"\" srcset=\"https:\/\/i0.wp.com\/finnairinsukeltajat.fi\/wp-content\/uploads\/2016\/01\/kumppari1.jpg?resize=150%2C150 150w, https:\/\/i0.wp.com\/finnairinsukeltajat.fi\/wp-content\/uploads\/2016\/01\/kumppari1.jpg?resize=88%2C88 88w\" sizes=\"auto, (max-width: 150px) 100vw, 150px\" \/><\/a>\n\t\t\t<\/dt><\/dl><dl class='gallery-item'>\n\t\t\t<dt class='gallery-icon landscape'>\n\t\t\t\t<a href='http:\/\/finnairinsukeltajat.fi\/?attachment_id=533'><img loading=\"lazy\" decoding=\"async\" width=\"150\" height=\"150\" src=\"https:\/\/i0.wp.com\/finnairinsukeltajat.fi\/wp-content\/uploads\/2016\/01\/dania2.jpg?resize=150%2C150\" class=\"attachment-thumbnail size-thumbnail\" alt=\"\" srcset=\"https:\/\/i0.wp.com\/finnairinsukeltajat.fi\/wp-content\/uploads\/2016\/01\/dania2.jpg?resize=150%2C150 150w, https:\/\/i0.wp.com\/finnairinsukeltajat.fi\/wp-content\/uploads\/2016\/01\/dania2.jpg?resize=88%2C88 88w\" sizes=\"auto, (max-width: 150px) 100vw, 150px\" \/><\/a>\n\t\t\t<\/dt><\/dl><dl class='gallery-item'>\n\t\t\t<dt class='gallery-icon landscape'>\n\t\t\t\t<a href='http:\/\/finnairinsukeltajat.fi\/?attachment_id=543'><img loading=\"lazy\" decoding=\"async\" width=\"150\" height=\"150\" src=\"https:\/\/i0.wp.com\/finnairinsukeltajat.fi\/wp-content\/uploads\/2016\/01\/uitto10.jpg?resize=150%2C150\" class=\"attachment-thumbnail size-thumbnail\" alt=\"\" aria-describedby=\"gallery-2-543\" srcset=\"https:\/\/i0.wp.com\/finnairinsukeltajat.fi\/wp-content\/uploads\/2016\/01\/uitto10.jpg?resize=150%2C150 150w, https:\/\/i0.wp.com\/finnairinsukeltajat.fi\/wp-content\/uploads\/2016\/01\/uitto10.jpg?resize=88%2C88 88w\" sizes=\"auto, (max-width: 150px) 100vw, 150px\" \/><\/a>\n\t\t\t<\/dt>\n\t\t\t\t<dd class='wp-caption-text gallery-caption' id='gallery-2-543'>\n\t\t\t\tUitto 10. Maren Uitto oli aina valmis viem\u00e4\u00e4n iltakeikoille porukkaa. Hinaaja Kemist\u00e4\n\t\t\t\t<\/dd><\/dl><dl class='gallery-item'>\n\t\t\t<dt class='gallery-icon landscape'>\n\t\t\t\t<a href='http:\/\/finnairinsukeltajat.fi\/?attachment_id=536'><img loading=\"lazy\" decoding=\"async\" width=\"150\" height=\"150\" src=\"https:\/\/i0.wp.com\/finnairinsukeltajat.fi\/wp-content\/uploads\/2016\/01\/ingeborgbackround.jpg?resize=150%2C150\" class=\"attachment-thumbnail size-thumbnail\" alt=\"\" srcset=\"https:\/\/i0.wp.com\/finnairinsukeltajat.fi\/wp-content\/uploads\/2016\/01\/ingeborgbackround.jpg?resize=150%2C150 150w, https:\/\/i0.wp.com\/finnairinsukeltajat.fi\/wp-content\/uploads\/2016\/01\/ingeborgbackround.jpg?resize=88%2C88 88w, https:\/\/i0.wp.com\/finnairinsukeltajat.fi\/wp-content\/uploads\/2016\/01\/ingeborgbackround.jpg?zoom=2&amp;resize=150%2C150 300w, https:\/\/i0.wp.com\/finnairinsukeltajat.fi\/wp-content\/uploads\/2016\/01\/ingeborgbackround.jpg?zoom=3&amp;resize=150%2C150 450w\" sizes=\"auto, (max-width: 150px) 100vw, 150px\" \/><\/a>\n\t\t\t<\/dt><\/dl><br style=\"clear: both\" \/><dl class='gallery-item'>\n\t\t\t<dt class='gallery-icon landscape'>\n\t\t\t\t<a href='http:\/\/finnairinsukeltajat.fi\/?attachment_id=535'><img loading=\"lazy\" decoding=\"async\" width=\"150\" height=\"150\" src=\"https:\/\/i0.wp.com\/finnairinsukeltajat.fi\/wp-content\/uploads\/2016\/01\/ingeborg.jpg?resize=150%2C150\" class=\"attachment-thumbnail size-thumbnail\" alt=\"\" aria-describedby=\"gallery-2-535\" srcset=\"https:\/\/i0.wp.com\/finnairinsukeltajat.fi\/wp-content\/uploads\/2016\/01\/ingeborg.jpg?resize=150%2C150 150w, https:\/\/i0.wp.com\/finnairinsukeltajat.fi\/wp-content\/uploads\/2016\/01\/ingeborg.jpg?resize=88%2C88 88w, https:\/\/i0.wp.com\/finnairinsukeltajat.fi\/wp-content\/uploads\/2016\/01\/ingeborg.jpg?zoom=2&amp;resize=150%2C150 300w, https:\/\/i0.wp.com\/finnairinsukeltajat.fi\/wp-content\/uploads\/2016\/01\/ingeborg.jpg?zoom=3&amp;resize=150%2C150 450w\" sizes=\"auto, (max-width: 150px) 100vw, 150px\" \/><\/a>\n\t\t\t<\/dt>\n\t\t\t\t<dd class='wp-caption-text gallery-caption' id='gallery-2-535'>\n\t\t\t\tIngeborg on my\u00f6s ollut useamman kerran tukialuksena\n\t\t\t\t<\/dd><\/dl><dl class='gallery-item'>\n\t\t\t<dt class='gallery-icon landscape'>\n\t\t\t\t<a href='http:\/\/finnairinsukeltajat.fi\/?attachment_id=531'><img loading=\"lazy\" decoding=\"async\" width=\"150\" height=\"150\" src=\"https:\/\/i0.wp.com\/finnairinsukeltajat.fi\/wp-content\/uploads\/2016\/01\/dania.jpg?resize=150%2C150\" class=\"attachment-thumbnail size-thumbnail\" alt=\"\" srcset=\"https:\/\/i0.wp.com\/finnairinsukeltajat.fi\/wp-content\/uploads\/2016\/01\/dania.jpg?resize=150%2C150 150w, https:\/\/i0.wp.com\/finnairinsukeltajat.fi\/wp-content\/uploads\/2016\/01\/dania.jpg?resize=88%2C88 88w, https:\/\/i0.wp.com\/finnairinsukeltajat.fi\/wp-content\/uploads\/2016\/01\/dania.jpg?zoom=2&amp;resize=150%2C150 300w\" sizes=\"auto, (max-width: 150px) 100vw, 150px\" \/><\/a>\n\t\t\t<\/dt><\/dl>\n\t\t\t<br style='clear: both' \/>\n\t\t<\/div>\n\n<p>Kaksimastoinen 28 metri\u00e4 pitk\u00e4 kaljaasi M\/Aux Ingeborg. Laivalla oli keittomahdollisuus, kivat hytit, sauna, kalastamismahdollisuus, kompressori. Optomec Oy:n omistaja Harri \u2019Hara\u2019 Holland ja Raimo \u2019Rami\u2019 Raudaskoski omistivat aluksen. Ingeborg on vanha hiekkajaala, joka edelleen toimii charter-veneen\u00e4 Helsingin edustalla. Kerholaiset vuokrasivat venett\u00e4 1970 luvun lopulla sek\u00e4 1980 luvulla sek\u00e4 lyhyille sukelluksille Helsingin edustalle ett\u00e4 pidemmille retkille ja leireille. Heikki Moisio my\u00f6s ajoi alusta.<br \/>Heikki Moisiolla oli oma fiskari kahdeksan vuotta. H\u00e4n luopui siit\u00e4 vuonna 1985.<br \/>Leireill\u00e4 k\u00e4ytetty Busteri oli Finnairin m\u00f6kkil\u00e4isten k\u00e4yt\u00f6ss\u00e4 ollut vene.<br \/>Seiskarin ja Nauticatin sen j\u00e4lkeen, omisti Hans `\u00b4Hani\u00b4` Sachse. Hans antoi kerholaisten k\u00e4ytt\u00e4\u00e4 veneit\u00e4\u00e4n, sill\u00e4 Heikki Moisio ja Pasi Saaranen korjasivat ja huolsivat veneet palkkiona k\u00e4yt\u00f6st\u00e4.<br \/>Kumivenen oli Barbara I, jonka omistivat Hans ja Moisio.<br \/>Tuff-Tuff Maren<br \/>Mian omisti Sukeltajat Ry, Arska ja Stime ostivat sen seuraavaksi.<br \/>Magneetti tai Aeqviidu Riian edelt\u00e4j\u00e4. Touho, Veikko Keke Rasinen, Antti H\u00f6yden, Antti Paronen .<br \/>Riia oli alun perin neuvostoliittolainen Puna-armeijan vartiolaiva, vuonna 1963 rakennettu, Suomenlahdella. Legenda kertoo, ett\u00e4 Neuvostoliiton j\u00e4lkeen virolaiset ostivat veneen, tarina kertoo, ett\u00e4 miehet olivat salakuljettaneet kurdeja Virosta Ruotsiin.Viron rannikkovartiosto nappasi lastin ja keikka j\u00e4i siihen. Virolaiset sukeltajat ostivat aluksen ja pojat ostivat sen sitten heilt\u00e4. Riia 1994 tai 1995. Haettiin Riian lahdelta Virosta. Nimi on per\u00e4isin t\u00e4st\u00e4 se ei ole laivan alkuper\u00e4inen nimi. Touho, Janne ja Keke, Esa Semeri omistivat laivan alun perin. Poma osti Keken osuuden. Ostivat yhdess\u00e4 Esan (Semeri) ulos, h\u00e4nell\u00e4 ei ollut riitt\u00e4v\u00e4sti aikaa. Riia on ainoa alus, joka on l\u00e4htenyt vet\u00e4m\u00e4ll\u00e4 k\u00e4yntiin. Matkalla Virosta Suomeen aluksen moottori sammui, eik\u00e4 l\u00e4htenyt en\u00e4\u00e4 k\u00e4yntiin. Merivartiosto kutsuttiin paikalle. Se otti Riian hinaukseen. Hinattaessa pojat meniv\u00e4t konehuoneeseen ihmettelem\u00e4\u00e4n mit\u00e4 oli mahtanut tapahtua ja samalla kone l\u00e4hti k\u00e4yntiin heid\u00e4n koskematta yht\u00e4\u00e4n mihink\u00e4\u00e4n. Riia siis l\u00e4hti hinattaessa k\u00e4yntiin.<\/p>\n\n\n<div style=\"height:100px\" aria-hidden=\"true\" class=\"wp-block-spacer\"><\/div>\n","protected":false},"excerpt":{"rendered":"<p>Cicilia II Puoliliukuva 8,3m pitk\u00e4 ja 3,1m leve\u00e4 Naviga 8s vene. Hankintavuosi 2014Moottori: Iveco Aifo 250hp vuodelta 2005.Nopeus: Max 25 solmua, taloudellinen matkavauhti 14-17 solmua.Varustus: Katsastus varusteet, uimataso tikkailla, kaksi ankkuria + 50m ankkuriliina, k\u00f6ysi\u00e4.Plotteri, kaiku, l\u00e4mmitin, keitin ja grilli.Veneen k\u00e4ytt\u00f6: Viikko- ja viikonloppukeikkoja, sek\u00e4 kes\u00e4- ja syysleiri.Suositeltavin sukeltajien m\u00e4\u00e4r\u00e4 [&hellip;]<\/p>\n","protected":false},"author":1,"featured_media":0,"parent":0,"menu_order":0,"comment_status":"closed","ping_status":"closed","template":"page-templates\/template-page-sidebar.php","meta":{"footnotes":""},"class_list":["post-221","page","type-page","status-publish","hentry"],"jetpack_sharing_enabled":true,"_links":{"self":[{"href":"http:\/\/finnairinsukeltajat.fi\/index.php?rest_route=\/wp\/v2\/pages\/221","targetHints":{"allow":["GET"]}}],"collection":[{"href":"http:\/\/finnairinsukeltajat.fi\/index.php?rest_route=\/wp\/v2\/pages"}],"about":[{"href":"http:\/\/finnairinsukeltajat.fi\/index.php?rest_route=\/wp\/v2\/types\/page"}],"author":[{"embeddable":true,"href":"http:\/\/finnairinsukeltajat.fi\/index.php?rest_route=\/wp\/v2\/users\/1"}],"replies":[{"embeddable":true,"href":"http:\/\/finnairinsukeltajat.fi\/index.php?rest_route=%2Fwp%2Fv2%2Fcomments&post=221"}],"version-history":[{"count":15,"href":"http:\/\/finnairinsukeltajat.fi\/index.php?rest_route=\/wp\/v2\/pages\/221\/revisions"}],"predecessor-version":[{"id":49382,"href":"http:\/\/finnairinsukeltajat.fi\/index.php?rest_route=\/wp\/v2\/pages\/221\/revisions\/49382"}],"wp:attachment":[{"href":"http:\/\/finnairinsukeltajat.fi\/index.php?rest_route=%2Fwp%2Fv2%2Fmedia&parent=221"}],"curies":[{"name":"wp","href":"https:\/\/api.w.org\/{rel}","templated":true}]}}