{"id":270,"date":"2015-11-18T18:25:55","date_gmt":"2015-11-18T16:25:55","guid":{"rendered":"http:\/\/finnairinsukeltajat.fi\/?page_id=270"},"modified":"2025-02-05T21:57:13","modified_gmt":"2025-02-05T19:57:13","slug":"vuoden-sukeltaja","status":"publish","type":"page","link":"http:\/\/finnairinsukeltajat.fi\/?page_id=270","title":{"rendered":"Vuoden sukeltaja"},"content":{"rendered":"<h5>Vuoden sukeltaja 2024: Pauli Heino<\/h5>\n<h5>Vuoden sukeltaja 2023: Tienvarsi talkooporukka<\/h5>\n<h5>Vuoden sukeltaja 2022: Jyrki Myllymaa<\/h5>\n<h5>Vuoden sukeltaja 2021: Risto H\u00e4m\u00e4l\u00e4inen<\/h5>\n<p><\/p>\n<p><\/p>\n<h5>Vuoden sukeltaja 2020: Sami Loponen<\/h5>\n<p><img data-recalc-dims=\"1\" loading=\"lazy\" decoding=\"async\" src=\"https:\/\/i0.wp.com\/finnairinsukeltajat.fi\/wp-content\/uploads\/2021\/02\/0bb22268-0c3a-4022-9914-6d0b760a6ec7.jpg?resize=351%2C468\" alt=\"\" class=\" wp-image-49443 alignleft\" width=\"351\" height=\"468\" srcset=\"https:\/\/i0.wp.com\/finnairinsukeltajat.fi\/wp-content\/uploads\/2021\/02\/0bb22268-0c3a-4022-9914-6d0b760a6ec7.jpg?w=768 768w, https:\/\/i0.wp.com\/finnairinsukeltajat.fi\/wp-content\/uploads\/2021\/02\/0bb22268-0c3a-4022-9914-6d0b760a6ec7.jpg?resize=225%2C300 225w\" sizes=\"auto, (max-width: 351px) 100vw, 351px\" \/><\/p>\n<p>Samista tuli vuoden sukeltaja 2020, sill\u00e4 ahkeruus nettisivujen parissa ja aktiivinen ote seuramme eteen vuonna 2020 huomattiin, joten isosti onnea sinulle Sami ja isosti kiitos!<\/p>\n<p><\/p>\n\n\n<\/p>\n<div aria-hidden=\"true\" class=\"wp-block-spacer\"><\/div>\n<p>\n\n\n<p><\/p>\n<h5>Vuoden sukeltaja 2019: Mika Vuorimaa<\/h5>\n<p><img data-recalc-dims=\"1\" loading=\"lazy\" decoding=\"async\" class=\"wp-image-47391 alignleft\" src=\"https:\/\/i0.wp.com\/finnairinsukeltajat.fi\/wp-content\/uploads\/2020\/08\/IMG_9345.jpeg?resize=328%2C219\" alt=\"\" width=\"328\" height=\"219\" srcset=\"https:\/\/i0.wp.com\/finnairinsukeltajat.fi\/wp-content\/uploads\/2020\/08\/IMG_9345.jpeg?w=640 640w, https:\/\/i0.wp.com\/finnairinsukeltajat.fi\/wp-content\/uploads\/2020\/08\/IMG_9345.jpeg?resize=300%2C200 300w\" sizes=\"auto, (max-width: 328px) 100vw, 328px\" \/><\/p>\n<p>Seuran hallitus p\u00e4\u00e4tti valita vuoden sukeltajaksi Mika Vuorimaan, sill\u00e4 Mikan suuri panostus seuran t\u00e4ytt\u00f6aseman suunnittelemista ja toteuttamista kohtaan mahdollisti t\u00e4ytt\u00f6aseman saamisen Tukesin hyv\u00e4ksynn\u00e4n piiriin.<\/p>\n\n\n<div style=\"height:100px\" aria-hidden=\"true\" class=\"wp-block-spacer\"><\/div>\n\n\n<h5>Vuoden sukeltaja 2018: Timo Lammi<\/h5>\n<p><img data-recalc-dims=\"1\" loading=\"lazy\" decoding=\"async\" class=\"wp-image-47381 alignleft\" src=\"https:\/\/i0.wp.com\/finnairinsukeltajat.fi\/wp-content\/uploads\/2020\/08\/PHOTO-2020-08-23-22-14-37.jpg?resize=295%2C295\" alt=\"\" width=\"295\" height=\"295\" srcset=\"https:\/\/i0.wp.com\/finnairinsukeltajat.fi\/wp-content\/uploads\/2020\/08\/PHOTO-2020-08-23-22-14-37.jpg?w=381 381w, https:\/\/i0.wp.com\/finnairinsukeltajat.fi\/wp-content\/uploads\/2020\/08\/PHOTO-2020-08-23-22-14-37.jpg?resize=300%2C300 300w, https:\/\/i0.wp.com\/finnairinsukeltajat.fi\/wp-content\/uploads\/2020\/08\/PHOTO-2020-08-23-22-14-37.jpg?resize=150%2C150 150w, https:\/\/i0.wp.com\/finnairinsukeltajat.fi\/wp-content\/uploads\/2020\/08\/PHOTO-2020-08-23-22-14-37.jpg?resize=88%2C88 88w\" sizes=\"auto, (max-width: 295px) 100vw, 295px\" \/><\/p>\n<p>Vuoden 2018 aikana seuramme kouluttaja Timo Lammi koulutti enn\u00e4tys suuren m\u00e4\u00e4r\u00e4n uusia innokkaita sukeltajia.<\/p>\n\n\n<div style=\"height:100px\" aria-hidden=\"true\" class=\"wp-block-spacer\"><\/div>\n\n\n<h5>Vuoden sukeltaja 2017: Taru Riit&#8217;aho<\/h5>\n<p><img data-recalc-dims=\"1\" loading=\"lazy\" decoding=\"async\" class=\"wp-image-47392 alignleft\" src=\"https:\/\/i0.wp.com\/finnairinsukeltajat.fi\/wp-content\/uploads\/2020\/08\/IMG_6731-scaled.jpg?resize=256%2C342\" alt=\"\" width=\"256\" height=\"342\" srcset=\"https:\/\/i0.wp.com\/finnairinsukeltajat.fi\/wp-content\/uploads\/2020\/08\/IMG_6731-scaled.jpg?w=1920 1920w, https:\/\/i0.wp.com\/finnairinsukeltajat.fi\/wp-content\/uploads\/2020\/08\/IMG_6731-scaled.jpg?resize=225%2C300 225w, https:\/\/i0.wp.com\/finnairinsukeltajat.fi\/wp-content\/uploads\/2020\/08\/IMG_6731-scaled.jpg?resize=768%2C1024 768w, https:\/\/i0.wp.com\/finnairinsukeltajat.fi\/wp-content\/uploads\/2020\/08\/IMG_6731-scaled.jpg?resize=1152%2C1536 1152w, https:\/\/i0.wp.com\/finnairinsukeltajat.fi\/wp-content\/uploads\/2020\/08\/IMG_6731-scaled.jpg?resize=1536%2C2048 1536w, https:\/\/i0.wp.com\/finnairinsukeltajat.fi\/wp-content\/uploads\/2020\/08\/IMG_6731-scaled.jpg?resize=900%2C1200 900w, https:\/\/i0.wp.com\/finnairinsukeltajat.fi\/wp-content\/uploads\/2020\/08\/IMG_6731-scaled.jpg?resize=1280%2C1707 1280w\" sizes=\"auto, (max-width: 256px) 100vw, 256px\" \/><\/p>\n<p>Vuonna 2017 Taru oli yksi seuramme aktiivisemmista sukeltajista. Tarun innostus pinnan alle oli ihaltavan suurta. Toivottavasti innostus jatkuu my\u00f6s tulevina vuosina.<\/p>\n\n\n<div style=\"height:100px\" aria-hidden=\"true\" class=\"wp-block-spacer\"><\/div>\n\n\n<h5>Vuoden sukeltaja 2016: Juha Varis<\/h5>\n<p style=\"text-align: center;\"><a href=\"http:\/\/finnairinsukeltajat.fi\/?attachment_id=1310\" rel=\"attachment wp-att-1310\"><img data-recalc-dims=\"1\" loading=\"lazy\" decoding=\"async\" class=\"wp-image-1310 size-medium alignleft\" title=\"Juha Varis\" src=\"https:\/\/i0.wp.com\/finnairinsukeltajat.fi\/wp-content\/uploads\/2015\/11\/JuhaVarisVS2016.jpg?resize=300%2C252\" alt=\"Juha Varis Vuoden sukeltaja 2016\" width=\"300\" height=\"252\" srcset=\"https:\/\/i0.wp.com\/finnairinsukeltajat.fi\/wp-content\/uploads\/2015\/11\/JuhaVarisVS2016.jpg?resize=300%2C252 300w, https:\/\/i0.wp.com\/finnairinsukeltajat.fi\/wp-content\/uploads\/2015\/11\/JuhaVarisVS2016.jpg?w=515 515w\" sizes=\"auto, (max-width: 300px) 100vw, 300px\" \/><\/a><\/p>\n<p>Vuonna 2016 seuramme uusi innokas vesipeto Juha Varis oli aktiivisesti mukana kaikessa seuramme toiminnassa oli se sitten pinnan alaista toimintaa tai kuivalla maalla tapahtuvaa tukitoimintaa. Iso kiitos Juhalle!<\/p>\n\n\n<div style=\"height:100px\" aria-hidden=\"true\" class=\"wp-block-spacer\"><\/div>\n\n\n<h5>Vuoden sukeltajat 2015: Timo M\u00e4kinen &amp; Jouko Riikonen<\/h5>\n<p style=\"text-align: center;\"><a href=\"https:\/\/i0.wp.com\/finnairinsukeltajat.fi\/wp-content\/uploads\/2015\/11\/20151205_TimoM%C3%A4kinenVuodenSuk.jpg\"><img data-recalc-dims=\"1\" loading=\"lazy\" decoding=\"async\" class=\"wp-image-467  alignleft\" src=\"https:\/\/i0.wp.com\/finnairinsukeltajat.fi\/wp-content\/uploads\/2015\/11\/20151205_JokeRiikonenVuodenSuk.jpg?resize=340%2C226\" alt=\"\" width=\"340\" height=\"226\" srcset=\"https:\/\/i0.wp.com\/finnairinsukeltajat.fi\/wp-content\/uploads\/2015\/11\/20151205_JokeRiikonenVuodenSuk.jpg?w=960 960w, https:\/\/i0.wp.com\/finnairinsukeltajat.fi\/wp-content\/uploads\/2015\/11\/20151205_JokeRiikonenVuodenSuk.jpg?resize=300%2C200 300w, https:\/\/i0.wp.com\/finnairinsukeltajat.fi\/wp-content\/uploads\/2015\/11\/20151205_JokeRiikonenVuodenSuk.jpg?resize=900%2C600 900w\" sizes=\"auto, (max-width: 340px) 100vw, 340px\" \/><\/a><\/p>\n<p><a href=\"https:\/\/i0.wp.com\/finnairinsukeltajat.fi\/wp-content\/uploads\/2015\/11\/20151205_TimoM%C3%A4kinenVuodenSuk.jpg\"><img data-recalc-dims=\"1\" loading=\"lazy\" decoding=\"async\" class=\"wp-image-468 alignleft\" src=\"https:\/\/i0.wp.com\/finnairinsukeltajat.fi\/wp-content\/uploads\/2015\/11\/20151205_TimoM%C3%A4kinenVuodenSuk.jpg?resize=338%2C225\" alt=\"20151205_TimoM\u00e4kinenVuodenSuk\" width=\"338\" height=\"225\" srcset=\"https:\/\/i0.wp.com\/finnairinsukeltajat.fi\/wp-content\/uploads\/2015\/11\/20151205_TimoM%C3%A4kinenVuodenSuk.jpg?w=960 960w, https:\/\/i0.wp.com\/finnairinsukeltajat.fi\/wp-content\/uploads\/2015\/11\/20151205_TimoM%C3%A4kinenVuodenSuk.jpg?resize=300%2C200 300w, https:\/\/i0.wp.com\/finnairinsukeltajat.fi\/wp-content\/uploads\/2015\/11\/20151205_TimoM%C3%A4kinenVuodenSuk.jpg?resize=900%2C600 900w\" sizes=\"auto, (max-width: 338px) 100vw, 338px\" \/><\/a><\/p>\n\n\n<div style=\"height:18px\" aria-hidden=\"true\" class=\"wp-block-spacer\"><\/div>\n\n\n<p>\u201d Vuoden sukeltajat <strong>Timo<\/strong> ja <strong>Joke<\/strong> tekiv\u00e4t valtavan ty\u00f6n kev\u00e4\u00e4ll\u00e4, kun seuran venett\u00e4 Cicilia II:sta muokattiin sukellusseuran k\u00e4ytt\u00f6\u00f6n paremmin sopivaksi. Timo vastasi k\u00e4yt\u00e4nn\u00f6ss\u00e4 kokonaan veneen s\u00e4hk\u00f6jen p\u00e4ivitt\u00e4misest\u00e4 ajanmukaiseksi. Joke taas hoiti kaikkea muuta ty\u00f6t\u00e4 veneen ymp\u00e4rill\u00e4 ja sen, ett\u00e4 vene oli kev\u00e4\u00e4ll\u00e4 valmiina palvelemaan seuralaisia iltakeikoilla. Joke oli kes\u00e4n aikana my\u00f6s usein kipparina iltakeikoilla ja syysleirill\u00e4. <strong>Kiitos teille aktiivisuudesta!<\/strong> \u201d<\/p>\n<p>&#8211; <em>Hese<\/em><\/p>\n\n\n<div style=\"height:100px\" aria-hidden=\"true\" class=\"wp-block-spacer\"><\/div>\n\n\n<h5>Vuoden sukeltajat 2014: Tienvarsi -talkooporukka<\/h5>\n\n\n<div style=\"height:100px\" aria-hidden=\"true\" class=\"wp-block-spacer\"><\/div>\n\n\n<h5>Vuoden sukeltaja 2013: Mika Vuorimaa<\/h5>\n<p><a href=\"https:\/\/i0.wp.com\/finnairinsukeltajat.fi\/wp-content\/uploads\/2015\/11\/mika.jpg\"><img data-recalc-dims=\"1\" loading=\"lazy\" decoding=\"async\" class=\"wp-image-281 alignleft\" src=\"https:\/\/i0.wp.com\/finnairinsukeltajat.fi\/wp-content\/uploads\/2015\/11\/mika.jpg?resize=215%2C256\" alt=\"Mikan tukka m\u00e4rk\u00e4n\u00e4\" width=\"215\" height=\"256\"><\/a><\/p>\n<p>P\u00e4\u00e4timme tehd\u00e4 uudesta kerholaisesta <strong>Mika Vuorimaasta<\/strong> vuoden sukeltajan. H\u00e4n on kiinnostuksellaan ja innostuksellaan saannut vanhemmatkin konkarit muistamaan, kuinka hieno harrastus t\u00e4m\u00e4 oikein on. Toivomme h\u00e4nen jatkavan esimerkillist\u00e4 toimintaa kerhossa ja nauttivan sukeltamisesta pitk\u00e4\u00e4n.<\/p>\n\n\n<div style=\"height:100px\" aria-hidden=\"true\" class=\"wp-block-spacer\"><\/div>\n\n\n<h5>Vuoden sukeltaja 2012: Panu Lammi<\/h5>\n<p><a href=\"https:\/\/i0.wp.com\/finnairinsukeltajat.fi\/wp-content\/uploads\/2014\/11\/PanuLammi.jpg\"><img data-recalc-dims=\"1\" loading=\"lazy\" decoding=\"async\" class=\"size-medium wp-image-100 alignleft\" src=\"https:\/\/i0.wp.com\/finnairinsukeltajat.fi\/wp-content\/uploads\/2014\/11\/PanuLammi.jpg?resize=225%2C300\" alt=\"Karttojen erikoisasiantuntija\" width=\"225\" height=\"300\" srcset=\"https:\/\/i0.wp.com\/finnairinsukeltajat.fi\/wp-content\/uploads\/2014\/11\/PanuLammi.jpg?resize=225%2C300 225w, https:\/\/i0.wp.com\/finnairinsukeltajat.fi\/wp-content\/uploads\/2014\/11\/PanuLammi.jpg?w=354 354w\" sizes=\"auto, (max-width: 225px) 100vw, 225px\" \/><\/a><\/p>\n<p>Vuoden sukeltaja 2012 <strong>Panu<\/strong> edustaa seurassamme esimerkki\u00e4 toisen polven sukeltajasta. Panu on ollut mukana jo pikkupojasta l\u00e4htien &nbsp;ja sukelluskurssin j\u00e4lkeen osallistunut nuoren miehen kiireiden v\u00e4liss\u00e4 sukellustapahtumiin mahdollisuuksien mukaan. Nyt jo P2 sukeltajana alkanut ottamaan yh\u00e4 enemm\u00e4n hoitaakseen my\u00f6s suhteita ulkomaisiin kerhoihin ASCAn puitteissa ja ollut ASCAn kisoissa seuramme edustajana jo kolme kertaa. Sukelluskohteiden ajo-ohjeiden karttasivut ovat &nbsp;Panun toimesta pikkuhiljaa uudistuneet kyn\u00e4piirustuksista nykyaikaisiksi karttapohjiksi. Haluamme t\u00e4ll\u00e4 Panun valinnalla kannustaa kaikkia nuoria osallistumaan aktiivisesti seuran toimintaan ja tapahtumien kehitt\u00e4miseen. <strong>ONNEA PANU !!<\/strong><\/p>\n\n\n<div style=\"height:100px\" aria-hidden=\"true\" class=\"wp-block-spacer\"><\/div>\n\n\n<h5>Vuoden sukeltaja 2011: Juha Karlenius<\/h5>\n<p><a href=\"https:\/\/i0.wp.com\/finnairinsukeltajat.fi\/wp-content\/uploads\/2015\/11\/juha.jpg\"><img data-recalc-dims=\"1\" loading=\"lazy\" decoding=\"async\" class=\"size-medium wp-image-280 alignleft\" src=\"https:\/\/i0.wp.com\/finnairinsukeltajat.fi\/wp-content\/uploads\/2015\/11\/juha.jpg?resize=300%2C218\" alt=\"Kuvassa ollaan l\u00e4hd\u00f6ss\u00e4 katsomaan Parsu 1st\u00e4 Prediumissa (hieno kampaus)\" width=\"300\" height=\"218\" srcset=\"https:\/\/i0.wp.com\/finnairinsukeltajat.fi\/wp-content\/uploads\/2015\/11\/juha.jpg?resize=300%2C218 300w, https:\/\/i0.wp.com\/finnairinsukeltajat.fi\/wp-content\/uploads\/2015\/11\/juha.jpg?w=715 715w\" sizes=\"auto, (max-width: 300px) 100vw, 300px\" \/><\/a><\/p>\n<p>Nyt valitsimme kyll\u00e4 vanhan seurajyr\u00e4n. On ollut niin meid\u00e4n kuin muidenkin kerhojen toiminnassa mukana vuosikymmeni\u00e4. On sukeltanut, veneillyt, kouluttanut jne, tehnyt siis enenm\u00e4n kuin monet yhteens\u00e4..<\/p>\n<p>On aina ollut valmis, kun apua on tarvittu. Valtava koulutus panos vuosien aikana, joista niin monet oppilaat saaneet nauttia. On my\u00f6s kaiken muun lis\u00e4ksi aina halukas viem\u00e4\u00e4n porukkaa sympaattisella Ilmari veneell\u00e4\u00e4n. T\u00e4ll\u00e4isia monitoimimiehi\u00e4 kerho aina kaipaa toimintaansa. Nyt liittoki valitsi h\u00e4net vuoden kouluttajksi, emme olekkaan ennen saaneet kunniaa omia t\u00e4t\u00e4 titteli\u00e4. Juha jo p\u00e4\u00e4tti kerran koulutusuransa,m utta viime kes\u00e4 kaiken muutti. H\u00e4n oli Your Move tapahtumassa, aluksi vain p\u00e4iv\u00e4n. Lopulta oli kumminkin koko viikon. Se kipin\u00e4 mink\u00e4 nuo nuoret innokkaat sukelluskokeilijat antoivat h\u00e4nelle, oli niin hieno, ett\u00e4 kouluttajaura jatkuu.<\/p>\n<p>Hienoa Juha ja onnea!<\/p>\n\n\n<div style=\"height:100px\" aria-hidden=\"true\" class=\"wp-block-spacer\"><\/div>\n\n\n<h5>Vuoden sukeltaja 2010: Heikki Kotiranta<\/h5>\n<p><a href=\"https:\/\/i0.wp.com\/finnairinsukeltajat.fi\/wp-content\/uploads\/2015\/11\/hese.jpg\"><img data-recalc-dims=\"1\" loading=\"lazy\" decoding=\"async\" class=\"size-medium wp-image-279 alignleft\" src=\"https:\/\/i0.wp.com\/finnairinsukeltajat.fi\/wp-content\/uploads\/2015\/11\/hese.jpg?resize=300%2C225\" alt=\"Hese valmistautuu Ilmarin kannella Klasulle menoon\" width=\"300\" height=\"225\" srcset=\"https:\/\/i0.wp.com\/finnairinsukeltajat.fi\/wp-content\/uploads\/2015\/11\/hese.jpg?resize=300%2C225 300w, https:\/\/i0.wp.com\/finnairinsukeltajat.fi\/wp-content\/uploads\/2015\/11\/hese.jpg?w=480 480w\" sizes=\"auto, (max-width: 300px) 100vw, 300px\" \/><\/a>Niin kuin monena vuonna aikaisemminkin, joku aina nousee esille.<\/p>\n<p>Vuonna 2010 pitk\u00e4aikainen aktiivimme Hese nosti profiiliaan. H\u00e4n on jo rahastonhoitaja ja aktiivi sukeltaja. Nyt h\u00e4n vapaaehtoisesti otti vastuuta niin leirien j\u00e4rjest\u00e4misest\u00e4 kuin vuokratilojen etsimisest\u00e4.<br>H\u00e4n j\u00e4rjesti aivan uudenlaisen keikkojen sarjan loppu vuodelle Ilmarilla, n\u00e4m\u00e4 olivat menestys. Samalla h\u00e4n itse aina ilmoittautui auttamaan jos joku muu ei ehtinyt hoitaa hommiaan. T\u00e4llaisilla henkil\u00f6ill\u00e4 pystymme kehitt\u00e4m\u00e4\u00e4n ja yll\u00e4pit\u00e4m\u00e4\u00e4n aktiivista toimintaamme.<\/p>\n\n\n<div style=\"height:100px\" aria-hidden=\"true\" class=\"wp-block-spacer\"><\/div>\n\n\n<h5>Vuoden sukeltaja 2009: Timo Lammi<\/h5>\n<p><a href=\"https:\/\/i0.wp.com\/finnairinsukeltajat.fi\/wp-content\/uploads\/2015\/11\/lammi.jpg\"><img data-recalc-dims=\"1\" loading=\"lazy\" decoding=\"async\" class=\"wp-image-278 size-full alignleft\" src=\"https:\/\/i0.wp.com\/finnairinsukeltajat.fi\/wp-content\/uploads\/2015\/11\/lammi.jpg?resize=187%2C176\" alt=\"lammi\" width=\"187\" height=\"176\"><\/a><\/p>\n<p>Valinta oli helppo. T\u00e4m\u00e4 toiminnan ihminen on ehk\u00e4 j\u00e4\u00e4nyt liiankin v\u00e4h\u00e4lle huomiolle. Sill\u00e4 joka vuosi h\u00e4n on hoitanut ison osan kerhon perustoiminnasta. Milloin muiden kanssa, milloin l\u00e4hes yksin. S\u00e4\u00e4st\u00e4m\u00e4tt\u00e4 omaa aikaansa ja kalustoaan.<\/p>\n<p>Osaa edelleen nauttia onnistumisista ja uusista asioista sukelluksen saralla. H\u00e4nell\u00e4 on my\u00f6s taito saada muutkin&nbsp;onnistumaan ja nauttimaan sukeltamisesta. Se ehk\u00e4 onkin h\u00e4nen hienoimpia puolia.<\/p>\n<p>Ne jotka eiv\u00e4t ole p\u00e4\u00e4sseet nauttimaan n\u00e4ist\u00e4 ominaisuuksista, heit\u00e4 ei kyll\u00e4k\u00e4\u00e4n kerhossa ole montaa, tuntevat h\u00e4net loputtomasta puhevirrasta, joka loppuu vain regu suussa veden alla.<\/p>\n<p>Eli \u201dhyv\u00e4 hinta-laatusuhde\u201d toteutuu ehdottomasti parhaiten Timo Lammissa.<\/p>\n<p>Kiitos Timo, ett\u00e4 jaksat.<\/p>\n<p>Onnea Timolle!<\/p>\n\n\n<div style=\"height:100px\" aria-hidden=\"true\" class=\"wp-block-spacer\"><\/div>\n\n\n<h5>Vuoden sukeltaja 2008: Jyrki Myllymaa<\/h5>\n<p><a href=\"https:\/\/i0.wp.com\/finnairinsukeltajat.fi\/wp-content\/uploads\/2015\/11\/jyka2.jpg\"><img data-recalc-dims=\"1\" loading=\"lazy\" decoding=\"async\" class=\"wp-image-277 size-full alignleft\" src=\"https:\/\/i0.wp.com\/finnairinsukeltajat.fi\/wp-content\/uploads\/2015\/11\/jyka2.jpg?resize=219%2C294\" alt=\"jyka2\" width=\"219\" height=\"294\"><\/a><\/p>\n<p>T\u00e4m\u00e4n vuoden sukeltaja Jyk\u00e4 voitaisiin valita vaikka joka vuosi. Niin paljon h\u00e4n on tehnyt kerhon ja kerholaisten hyv\u00e4ksi. On ollut esimerkkin\u00e4 uusille ja vanhoille miten hommia hoidetaan.<br>Osallistuu kaikkeen, on k\u00e4tev\u00e4 ja aikaan saava. Ohessa on kehitt\u00e4nyt omalla panoksellaan kerhoa toimivampaan suuntaan.<br>H\u00e4n j\u00e4rkk\u00e4\u00e4 tapahtumia, korjaa, kunnostaa ja rakentaa. Tukee, kannustaa ja auttaa. Yksinkertaisesti, Jyk\u00e4 on t\u00e4ll\u00e4 hetkell\u00e4 kerhon sielu.<br>Onnea Jyk\u00e4lle!<\/p>\n\n\n<div style=\"height:100px\" aria-hidden=\"true\" class=\"wp-block-spacer\"><\/div>\n\n\n<h5>Vuoden sukeltaja 2007: Timo M\u00e4kinen<\/h5>\n<p><a href=\"https:\/\/i0.wp.com\/finnairinsukeltajat.fi\/wp-content\/uploads\/2014\/11\/timo.jpg\"><img data-recalc-dims=\"1\" loading=\"lazy\" decoding=\"async\" class=\"wp-image-99 size-medium alignleft\" src=\"https:\/\/i0.wp.com\/finnairinsukeltajat.fi\/wp-content\/uploads\/2014\/11\/timo.jpg?resize=197%2C300\" alt=\"timo\" width=\"197\" height=\"300\" srcset=\"https:\/\/i0.wp.com\/finnairinsukeltajat.fi\/wp-content\/uploads\/2014\/11\/timo.jpg?resize=197%2C300 197w, https:\/\/i0.wp.com\/finnairinsukeltajat.fi\/wp-content\/uploads\/2014\/11\/timo.jpg?w=225 225w\" sizes=\"auto, (max-width: 197px) 100vw, 197px\" \/><\/a><\/p>\n<p>Timosta tuli vuoden 2007 sukeltaja.<\/p>\n<p>H\u00e4n on aktiivinen ja valmis ottamaan haasteita vastaan. Voidaan sanoa ett\u00e4 on ollut j\u00e4rjest\u00e4m\u00e4ss\u00e4 kaikkia tapahtumia viime aikoina. On tuonnut niihin my\u00f6s hienon panoksensa. On j\u00e4rk\u00e4nnyt pikkujoulut ja kerhotapahtumat.<\/p>\n<p>H\u00e4nen omintakeinen huumorinsa ilahduttaa aina kun h\u00e4n on paikalla. Ja kyll\u00e4 v\u00e4lill\u00e4 jopa kun ei ole edes paikalla.<\/p>\n<p>Sukeltajana vasta polun alussa. Silti hyv\u00e4 ja luotettava pari. Viel\u00e4 viime vuonna sukelsi tiukasti m\u00e4rkk\u00e4rill\u00e4. On tuonnut uutta s\u00e4pin\u00e4\u00e4 toimintaan.<\/p>\n<p>Toimii my\u00f6s kerhon sihteerin\u00e4.<\/p>\n<p>Hienoa Timo!<\/p>\n\n\n<div style=\"height:100px\" aria-hidden=\"true\" class=\"wp-block-spacer\"><\/div>\n\n\n<h5>Vuoden sukeltaja 2006: Esa Teerioja<\/h5>\n<p><a href=\"https:\/\/i0.wp.com\/finnairinsukeltajat.fi\/wp-content\/uploads\/2015\/11\/esar.jpg\"><img data-recalc-dims=\"1\" loading=\"lazy\" decoding=\"async\" class=\"wp-image-276  alignleft\" src=\"https:\/\/i0.wp.com\/finnairinsukeltajat.fi\/wp-content\/uploads\/2015\/11\/esar.jpg?resize=166%2C223\" alt=\"esar\" width=\"166\" height=\"223\"><\/a><\/p>\n<p>Vuoden 2006 sukeltajaksi valittiin Esa Teerioja<\/p>\n<p>Esa on toiminut kerhon toimihenkil\u00f6n\u00e4 ja aktiivi j\u00e4senen\u00e4 kerhon alusta asti. Osallistuu edelleen l\u00e4hes kaikkiin mahdollisiin kerhon tapahtumiin. Sukellusvuosia takana yli 30v, silti kaikki kiinnostaa. Oli se sitten vaan pulahdus Porkkalassa tai rakkaalla Eggolla k\u00e4ynti. Putsataan rantoja tai k\u00e4yd\u00e4\u00e4n tarkastamassa poijuketjuja.<\/p>\n<p>H\u00e4n esimerkill\u00e4\u00e4n ja rauhallisuudellaan on vienyt lukemattomia uusia ja vanhoja sukeltajia pinnan alle nauttimaan hyvist\u00e4 dyykeist\u00e4. Monenlaista kokeneena on my\u00f6s turvallinen pari. Viimeksi syksyll\u00e4kin laiteh\u00e4iri\u00f6tapauksessa rauhallisuudellaan esti tilannetta menem\u00e4st\u00e4 pahemmaksi.<\/p>\n<p>Esa on hyvin selvill\u00e4 sukelluksen kehityksest\u00e4. Niinp\u00e4 h\u00e4n pyrkiikin pit\u00e4m\u00e4\u00e4n tietotaidon korkealla tasolla ja laitteet kunnossa.<\/p>\n<p>Kiinnostuksen kohteista l\u00f6ytyy my\u00f6s kirjallisuus ja elokuvat.<\/p>\n<p>Esalla on my\u00f6s lukuisia lempinimi\u00e4 kuten Teeris, Pappa, \u00c4itee jne.<\/p>\n<p>Hyv\u00e4 Esa!<\/p>\n\n\n<div style=\"height:100px\" aria-hidden=\"true\" class=\"wp-block-spacer\"><\/div>\n\n\n<h5>Vuoden sukeltaja 2005: Sami Riikonen<\/h5>\n<p><a href=\"https:\/\/i0.wp.com\/finnairinsukeltajat.fi\/wp-content\/uploads\/2015\/11\/sami.jpg\"><img data-recalc-dims=\"1\" loading=\"lazy\" decoding=\"async\" class=\"wp-image-275 size-full alignleft\" src=\"https:\/\/i0.wp.com\/finnairinsukeltajat.fi\/wp-content\/uploads\/2015\/11\/sami.jpg?resize=188%2C196\" alt=\"sami\" width=\"188\" height=\"196\"><\/a><\/p>\n<p>Sami on toiminut kerhon aktiivij\u00e4senen\u00e4 jo vuosia. H\u00e4n on perusrauhallinen, eritt\u00e4in luotettava niin pinnalla kuin pinnan allakin. Siksi onkin eritt\u00e4in pidetty henkil\u00f6.<\/p>\n<p>H\u00e4n oli pitk\u00e4\u00e4n rampissa t\u00f6iss\u00e4, mutta nyky\u00e4\u00e4n toimii Vantaa ammattioppilaitoksessa opettajana.<\/p>\n<p>H\u00e4n antanut panoksensa niin hyvin\u00e4 kuin huonoina hetkin\u00e4. Viimeksi kumpparin per\u00e4moottorin varkauden j\u00e4lkeen Sami melkein hoiti koko homman. Ja niin vene saatiin kuntoon ja veteen ajoissa. Ja h\u00e4nt\u00e4 ei yleens\u00e4 tarvitse edes pyyt\u00e4\u00e4 apuun, vaan h\u00e4n tarjoaa sit\u00e4.<\/p>\n<p>Sami on my\u00f6s ollut aktiivinen kouluttaja, jonka kautta olemme saaneet uusia j\u00e4seni\u00e4.<\/p>\n<p>Avoveden lis\u00e4ksi pit\u00e4\u00e4 kaivossukeltamisesta. Varsinkin Ojamoa on koluttu paljon.<\/p>\n<p>Viel\u00e4 kun lis\u00e4\u00e4mme, ett\u00e4 Sami on k\u00e4tev\u00e4 kaikenlaisissa korjaushommissa, niin kuva monitaitoisesta avuliaasta kerhonj\u00e4senest\u00e4mme on valmis.<\/p>\n<p>Hyv\u00e4 Sami!<\/p>\n\n\n<div style=\"height:100px\" aria-hidden=\"true\" class=\"wp-block-spacer\"><\/div>\n\n\n<h5>Vuoden sukeltaja 2004: Tuomas Koskinen<\/h5>\n<p><a href=\"https:\/\/i0.wp.com\/finnairinsukeltajat.fi\/wp-content\/uploads\/2015\/11\/poma11.jpg\"><img data-recalc-dims=\"1\" loading=\"lazy\" decoding=\"async\" class=\"wp-image-274 size-medium alignleft\" src=\"https:\/\/i0.wp.com\/finnairinsukeltajat.fi\/wp-content\/uploads\/2015\/11\/poma11.jpg?resize=300%2C225\" alt=\"poma11\" width=\"300\" height=\"225\" srcset=\"https:\/\/i0.wp.com\/finnairinsukeltajat.fi\/wp-content\/uploads\/2015\/11\/poma11.jpg?resize=300%2C225 300w, https:\/\/i0.wp.com\/finnairinsukeltajat.fi\/wp-content\/uploads\/2015\/11\/poma11.jpg?w=320 320w\" sizes=\"auto, (max-width: 300px) 100vw, 300px\" \/><\/a><\/p>\n<p>Poma on kerhon kantavia voimia jo monelta vuodelta. H\u00e4n on pitk\u00e4nlinjan kouluttaja ja hallituksen j\u00e4sen. Viimeiseksi h\u00e4n on toiminut puheenjohtajana. H\u00e4nelt\u00e4 on riitt\u00e4nyt aina aikaa kerholle ja kerholaisille. H\u00e4nen esimerkki on vet\u00e4nyt muitakin mukaan aktiiviseen toimintaan.<br>Viime vuonnakin h\u00e4n oli j\u00e4rjest\u00e4m\u00e4ss\u00e4 kaikkia kerhotapahtumia. Tietenkin osallistuen niihin. H\u00e4n toimii my\u00f6s yhteyshenkil\u00f6n\u00e4 muihin yhteisty\u00f6- kumppaneihimme. Suurimpia juttuja tietenkin viime vuonna oli kes\u00e4n Orbiit reissu.<\/p>\n<p>Sukeltajana rauhallinen ja luotettava, siksi eritt\u00e4in haluttu pari. Kouluttajana my\u00f6s eritt\u00e4in pidetty. Kokemuksen ja koulutuksen my\u00f6t\u00e4 nauttii jo hieman vaativimmistakin sukelluksista, kuten luolat ja syvemm\u00e4ll\u00e4 olevat hylyt.<\/p>\n\n\n<div style=\"height:100px\" aria-hidden=\"true\" class=\"wp-block-spacer\"><\/div>\n\n\n<h5>Vuoden sukeltaja 2003: Jaana Nirvi<\/h5>\n<p><a href=\"https:\/\/i0.wp.com\/finnairinsukeltajat.fi\/wp-content\/uploads\/2015\/11\/jaana2.jpg\"><img data-recalc-dims=\"1\" loading=\"lazy\" decoding=\"async\" class=\"wp-image-272 size-medium alignleft\" src=\"https:\/\/i0.wp.com\/finnairinsukeltajat.fi\/wp-content\/uploads\/2015\/11\/jaana2.jpg?resize=225%2C300\" alt=\"jaana2\" width=\"225\" height=\"300\" srcset=\"https:\/\/i0.wp.com\/finnairinsukeltajat.fi\/wp-content\/uploads\/2015\/11\/jaana2.jpg?resize=225%2C300 225w, https:\/\/i0.wp.com\/finnairinsukeltajat.fi\/wp-content\/uploads\/2015\/11\/jaana2.jpg?w=264 264w\" sizes=\"auto, (max-width: 225px) 100vw, 225px\" \/><\/a><\/p>\n<p>Jaana tuli kerhoon mukaan pari vuotta sitten ja t\u00e4n\u00e4 vuonna hallitukseen. Alusta asti on toiminut aktiivisesti niin rivi- kuin hallituksen j\u00e4senen\u00e4. Vuoden mittaan h\u00e4n on osallistunut kaikkeen kerhon toiminnassa. On j\u00e4rjest\u00e4nyt 30v-juhlan, ensiapuillan ja ollut mukana kaikissa muissa tapahtumissa. Milloin introissa apuhenkil\u00f6n\u00e4, leirien tilien hoidossa, Barbaran kunnostuksessa, suunnittelemassa kerhon paitaa, vain muutama mainitaksemme . 30v-juhlien lis\u00e4ksi toinen mittava urakka, jonka otti hoitaakseen, oli historian ker\u00e4\u00e4minen samoihin kansiin. T\u00e4m\u00e4 suururakka on loppumetreill\u00e4 ja nyt tarvitaankin muiden panostusta sen julkaisukuntoon saattamisessa.<\/p>\n<p>Jaana on my\u00f6s aktiivinen sukeltaja. H\u00e4nest\u00e4 saa aina parin, kun haluaa veteen. Rauhallinen ja luotettava sukelluspari.<\/p>\n<p>Jaana toimii konsernissa lentoem\u00e4nt\u00e4n\u00e4. N\u00e4in saatatte t\u00f6rm\u00e4t\u00e4 h\u00e4nen iloiseen olemukseen my\u00f6s matkoillanne.<\/p>\n\n\n<div style=\"height:100px\" aria-hidden=\"true\" class=\"wp-block-spacer\"><\/div>\n\n\n<h5>Vuoden sukeltajat 2002: Jesse Aavameri<\/h5>\n<p>Vuoden 2002 sukeltajaksi valittiin Jesse Aavameri.<\/p>\n<p>Jesse on toiminut vuonna 2002 kerhon rahastonhoitajana. Jesse toi rahank\u00e4ytt\u00f6\u00f6mme j\u00e4m\u00e4kkyytt\u00e4. Tilit on pysyneet hienosti j\u00e4rjestyksess\u00e4 ja kuitit l\u00f6ytyy. Jos ei nyt ole tulopuolelle saanutkaan lis\u00e4\u00e4, niin meno puolta on pystynyt pienent\u00e4m\u00e4\u00e4n tarkalla taloudella. Valinta vuoden sukeltajaksi tulikin toiminnasta talouden ja kerhon hyv\u00e4ksi. Eritt\u00e4in aktiivinen ja kriittinen hallituksen j\u00e4sen. Hyv\u00e4 Jesse.<\/p>\n<p>Muuten Jesse on vannoutunut m\u00e4rk\u00e4puku sukeltaja. Jessell\u00e4 kyll\u00e4 riitt\u00e4\u00e4 harrastuksia, kamppailulajit ehk\u00e4 l\u00e4hinn\u00e4 syd\u00e4nt\u00e4. Mutta lajivalikoimaan kuuluvat niin melonta kuin laskuvarjohypytkin.<\/p>\n<p><\/p>\n\n\n<div style=\"height:100px\" aria-hidden=\"true\" class=\"wp-block-spacer\"><\/div>\n\n\n<h5>Vuoden sukeltajat 2001: Eliisa ja Jyrki Myllymaa<\/h5>\n\n\n<div style=\"height:100px\" aria-hidden=\"true\" class=\"wp-block-spacer\"><\/div>\n\n\n<h5>Vuoden sukeltajat 2000: Koulutusjaosto<\/h5>\n\n\n<div style=\"height:100px\" aria-hidden=\"true\" class=\"wp-block-spacer\"><\/div>\n\n\n<h5>Vuoden sukeltaja 1999: Tuomas Koskinen<\/h5>\n\n\n<div style=\"height:100px\" aria-hidden=\"true\" class=\"wp-block-spacer\"><\/div>\n\n\n<h5>Vuoden sukeltaja 1998: Tiina<\/h5>\n\n\n<div style=\"height:100px\" aria-hidden=\"true\" class=\"wp-block-spacer\"><\/div>\n\n\n<h5>Vuoden sukeltaja 1997: Jouko Riikonen<\/h5>\n\n\n<div style=\"height:100px\" aria-hidden=\"true\" class=\"wp-block-spacer\"><\/div>\n","protected":false},"excerpt":{"rendered":"<p>Vuoden sukeltaja 2024: Pauli Heino Vuoden sukeltaja 2023: Tienvarsi talkooporukka Vuoden sukeltaja 2022: Jyrki Myllymaa Vuoden sukeltaja 2021: Risto H\u00e4m\u00e4l\u00e4inen Vuoden sukeltaja 2020: Sami Loponen Samista tuli vuoden sukeltaja 2020, sill\u00e4 ahkeruus nettisivujen parissa ja aktiivinen ote seuramme eteen vuonna 2020 huomattiin, joten isosti onnea sinulle Sami ja isosti kiitos! [&hellip;]<\/p>\n","protected":false},"author":1,"featured_media":0,"parent":0,"menu_order":0,"comment_status":"closed","ping_status":"closed","template":"","meta":{"footnotes":""},"class_list":["post-270","page","type-page","status-publish","hentry"],"jetpack_sharing_enabled":true,"_links":{"self":[{"href":"http:\/\/finnairinsukeltajat.fi\/index.php?rest_route=\/wp\/v2\/pages\/270","targetHints":{"allow":["GET"]}}],"collection":[{"href":"http:\/\/finnairinsukeltajat.fi\/index.php?rest_route=\/wp\/v2\/pages"}],"about":[{"href":"http:\/\/finnairinsukeltajat.fi\/index.php?rest_route=\/wp\/v2\/types\/page"}],"author":[{"embeddable":true,"href":"http:\/\/finnairinsukeltajat.fi\/index.php?rest_route=\/wp\/v2\/users\/1"}],"replies":[{"embeddable":true,"href":"http:\/\/finnairinsukeltajat.fi\/index.php?rest_route=%2Fwp%2Fv2%2Fcomments&post=270"}],"version-history":[{"count":92,"href":"http:\/\/finnairinsukeltajat.fi\/index.php?rest_route=\/wp\/v2\/pages\/270\/revisions"}],"predecessor-version":[{"id":50039,"href":"http:\/\/finnairinsukeltajat.fi\/index.php?rest_route=\/wp\/v2\/pages\/270\/revisions\/50039"}],"wp:attachment":[{"href":"http:\/\/finnairinsukeltajat.fi\/index.php?rest_route=%2Fwp%2Fv2%2Fmedia&parent=270"}],"curies":[{"name":"wp","href":"https:\/\/api.w.org\/{rel}","templated":true}]}}