{"id":865,"date":"2016-02-28T18:45:03","date_gmt":"2016-02-28T16:45:03","guid":{"rendered":"http:\/\/finnairinsukeltajat.fi\/?page_id=865"},"modified":"2020-07-12T16:45:45","modified_gmt":"2020-07-12T13:45:45","slug":"eira","status":"publish","type":"page","link":"http:\/\/finnairinsukeltajat.fi\/?page_id=865","title":{"rendered":"EIRA"},"content":{"rendered":"<p><span style=\"color: #000000;\">Eira upposi 1967 pohjakosketuksen j\u00e4lkeen n.50m syvyyteen. Laiva on oikein p\u00e4in ja suhteellisen ehj\u00e4. Konehuoneen skyletit on romahtanut ja sis\u00e4tiloja purettu. My\u00f6s ikkuna venttiileit\u00e4 poistettu.<br \/>Videon alussa ollaan komentosillalla. Sitten k\u00e4yd\u00e4\u00e4n taaenpana. Videolla valokuvia suunnilleen samoista paikoista jossa sukelletaan.<br \/><\/span><\/p>\n<div style=\"width: 176px;\" class=\"wp-video\"><video class=\"wp-video-shortcode\" id=\"video-865-1\" width=\"176\" height=\"144\" preload=\"metadata\" controls=\"controls\"><source type=\"video\/x-ms-wmv\" src=\"http:\/\/finnairinsukeltajat.fi\/wp-content\/uploads\/2016\/02\/syysl02net.wmv?_=1\" \/><a href=\"http:\/\/finnairinsukeltajat.fi\/wp-content\/uploads\/2016\/02\/syysl02net.wmv\">http:\/\/finnairinsukeltajat.fi\/wp-content\/uploads\/2016\/02\/syysl02net.wmv<\/a><\/video><\/div>\n<p><span style=\"color: #000000;\">Kuvannut J. Myllymaa jolla oikeudet.<br \/>Tiedosto on suht&#8217; iso, 3.2M. Modeemilla ladattaessa kest\u00e4\u00e4 kauan.<\/span><\/p>\n<p>Olemme saaneet k\u00e4ytt\u00f6\u00f6n kuvia EIRA:sta pinnalla.<br \/>Nyt sivulle lis\u00e4tty my\u00f6s linkit <a href=\"http:\/\/finnairinsukeltajat.fi\/?p=876\" target=\"_blank\" rel=\"noopener noreferrer\">l\u00e4pileikkaus kuviin<\/a><\/p>\n<p><a href=\"https:\/\/i0.wp.com\/finnairinsukeltajat.fi\/wp-content\/uploads\/2016\/02\/eira1.jpg\"><img data-recalc-dims=\"1\" loading=\"lazy\" decoding=\"async\" class=\"alignnone size-full wp-image-879\" src=\"https:\/\/i0.wp.com\/finnairinsukeltajat.fi\/wp-content\/uploads\/2016\/02\/eira1.jpg?resize=297%2C206\" alt=\"eira1\" width=\"297\" height=\"206\" \/><\/a><a href=\"https:\/\/i0.wp.com\/finnairinsukeltajat.fi\/wp-content\/uploads\/2016\/02\/eirakoverhaar-Copy.jpg\"><img data-recalc-dims=\"1\" loading=\"lazy\" decoding=\"async\" class=\"alignnone wp-image-891\" src=\"https:\/\/i0.wp.com\/finnairinsukeltajat.fi\/wp-content\/uploads\/2016\/02\/eirakoverhaar-Copy.jpg?resize=274%2C155\" alt=\"eirakoverhaar - Copy\" width=\"274\" height=\"155\" \/><\/a><\/p>\n<p>ja pariin valokuvaan linkki suunnilleen samoista paikoista otettuun kuvaan veden alla. K\u00e4yk\u00e4\u00e4h\u00e4n tutustumassa. <a href=\"http:\/\/www.hylyt.net\/kohteet\/eirafr.htm\">Lis\u00e4tietoja ja sijainti parhaiten hylyt.net sivuilta<\/a> sek\u00e4 muutama vedenalainen\u00a0 valokuva samasta osoitteesta.<\/p>\n\n\t\t<style type=\"text\/css\">\n\t\t\t#gallery-1 {\n\t\t\t\tmargin: auto;\n\t\t\t}\n\t\t\t#gallery-1 .gallery-item {\n\t\t\t\tfloat: left;\n\t\t\t\tmargin-top: 10px;\n\t\t\t\ttext-align: center;\n\t\t\t\twidth: 25%;\n\t\t\t}\n\t\t\t#gallery-1 img {\n\t\t\t\tborder: 2px solid #cfcfcf;\n\t\t\t}\n\t\t\t#gallery-1 .gallery-caption {\n\t\t\t\tmargin-left: 0;\n\t\t\t}\n\t\t\t\/* see gallery_shortcode() in wp-includes\/media.php *\/\n\t\t<\/style>\n\t\t<div id='gallery-1' class='gallery galleryid-865 gallery-columns-4 gallery-size-thumbnail'><dl class='gallery-item'>\n\t\t\t<dt class='gallery-icon landscape'>\n\t\t\t\t<a href='http:\/\/finnairinsukeltajat.fi\/?attachment_id=888'><img loading=\"lazy\" decoding=\"async\" width=\"150\" height=\"150\" src=\"https:\/\/i0.wp.com\/finnairinsukeltajat.fi\/wp-content\/uploads\/2016\/02\/eira10.jpg?resize=150%2C150\" class=\"attachment-thumbnail size-thumbnail\" alt=\"\" aria-describedby=\"gallery-1-888\" srcset=\"https:\/\/i0.wp.com\/finnairinsukeltajat.fi\/wp-content\/uploads\/2016\/02\/eira10.jpg?resize=150%2C150 150w, https:\/\/i0.wp.com\/finnairinsukeltajat.fi\/wp-content\/uploads\/2016\/02\/eira10.jpg?resize=88%2C88 88w, https:\/\/i0.wp.com\/finnairinsukeltajat.fi\/wp-content\/uploads\/2016\/02\/eira10.jpg?zoom=2&amp;resize=150%2C150 300w\" sizes=\"auto, (max-width: 150px) 100vw, 150px\" \/><\/a>\n\t\t\t<\/dt>\n\t\t\t\t<dd class='wp-caption-text gallery-caption' id='gallery-1-888'>\n\t\t\t\tKatsottuna radiohytin katolta\n\t\t\t\t<\/dd><\/dl><dl class='gallery-item'>\n\t\t\t<dt class='gallery-icon landscape'>\n\t\t\t\t<a href='http:\/\/finnairinsukeltajat.fi\/?attachment_id=883'><img loading=\"lazy\" decoding=\"async\" width=\"150\" height=\"150\" src=\"https:\/\/i0.wp.com\/finnairinsukeltajat.fi\/wp-content\/uploads\/2016\/02\/eira3.jpg?resize=150%2C150\" class=\"attachment-thumbnail size-thumbnail\" alt=\"\" aria-describedby=\"gallery-1-883\" srcset=\"https:\/\/i0.wp.com\/finnairinsukeltajat.fi\/wp-content\/uploads\/2016\/02\/eira3.jpg?resize=150%2C150 150w, https:\/\/i0.wp.com\/finnairinsukeltajat.fi\/wp-content\/uploads\/2016\/02\/eira3.jpg?resize=88%2C88 88w\" sizes=\"auto, (max-width: 150px) 100vw, 150px\" \/><\/a>\n\t\t\t<\/dt>\n\t\t\t\t<dd class='wp-caption-text gallery-caption' id='gallery-1-883'>\n\t\t\t\tKonehuoneen skyletti joka on melkein kokonaan romahtanut alas\n\t\t\t\t<\/dd><\/dl><dl class='gallery-item'>\n\t\t\t<dt class='gallery-icon landscape'>\n\t\t\t\t<a href='http:\/\/finnairinsukeltajat.fi\/?attachment_id=893'><img loading=\"lazy\" decoding=\"async\" width=\"150\" height=\"150\" src=\"https:\/\/i0.wp.com\/finnairinsukeltajat.fi\/wp-content\/uploads\/2016\/02\/kaiteella-Copy.jpg?resize=150%2C150\" class=\"attachment-thumbnail size-thumbnail\" alt=\"\" aria-describedby=\"gallery-1-893\" srcset=\"https:\/\/i0.wp.com\/finnairinsukeltajat.fi\/wp-content\/uploads\/2016\/02\/kaiteella-Copy.jpg?resize=150%2C150 150w, https:\/\/i0.wp.com\/finnairinsukeltajat.fi\/wp-content\/uploads\/2016\/02\/kaiteella-Copy.jpg?resize=88%2C88 88w, https:\/\/i0.wp.com\/finnairinsukeltajat.fi\/wp-content\/uploads\/2016\/02\/kaiteella-Copy.jpg?zoom=2&amp;resize=150%2C150 300w\" sizes=\"auto, (max-width: 150px) 100vw, 150px\" \/><\/a>\n\t\t\t<\/dt>\n\t\t\t\t<dd class='wp-caption-text gallery-caption' id='gallery-1-893'>\n\t\t\t\tKaitella\n\t\t\t\t<\/dd><\/dl><dl class='gallery-item'>\n\t\t\t<dt class='gallery-icon landscape'>\n\t\t\t\t<a href='http:\/\/finnairinsukeltajat.fi\/?attachment_id=894'><img loading=\"lazy\" decoding=\"async\" width=\"150\" height=\"150\" src=\"https:\/\/i0.wp.com\/finnairinsukeltajat.fi\/wp-content\/uploads\/2016\/02\/kimmo01-Copy.jpg?resize=150%2C150\" class=\"attachment-thumbnail size-thumbnail\" alt=\"\" aria-describedby=\"gallery-1-894\" srcset=\"https:\/\/i0.wp.com\/finnairinsukeltajat.fi\/wp-content\/uploads\/2016\/02\/kimmo01-Copy.jpg?resize=150%2C150 150w, https:\/\/i0.wp.com\/finnairinsukeltajat.fi\/wp-content\/uploads\/2016\/02\/kimmo01-Copy.jpg?resize=88%2C88 88w\" sizes=\"auto, (max-width: 150px) 100vw, 150px\" \/><\/a>\n\t\t\t<\/dt>\n\t\t\t\t<dd class='wp-caption-text gallery-caption' id='gallery-1-894'>\n\t\t\t\tPiipulla\n\t\t\t\t<\/dd><\/dl><br style=\"clear: both\" \/><dl class='gallery-item'>\n\t\t\t<dt class='gallery-icon landscape'>\n\t\t\t\t<a href='http:\/\/finnairinsukeltajat.fi\/?attachment_id=887'><img loading=\"lazy\" decoding=\"async\" width=\"150\" height=\"150\" src=\"https:\/\/i0.wp.com\/finnairinsukeltajat.fi\/wp-content\/uploads\/2016\/02\/eira9.jpg?resize=150%2C150\" class=\"attachment-thumbnail size-thumbnail\" alt=\"\" srcset=\"https:\/\/i0.wp.com\/finnairinsukeltajat.fi\/wp-content\/uploads\/2016\/02\/eira9.jpg?resize=150%2C150 150w, https:\/\/i0.wp.com\/finnairinsukeltajat.fi\/wp-content\/uploads\/2016\/02\/eira9.jpg?resize=88%2C88 88w, https:\/\/i0.wp.com\/finnairinsukeltajat.fi\/wp-content\/uploads\/2016\/02\/eira9.jpg?zoom=2&amp;resize=150%2C150 300w\" sizes=\"auto, (max-width: 150px) 100vw, 150px\" \/><\/a>\n\t\t\t<\/dt><\/dl><dl class='gallery-item'>\n\t\t\t<dt class='gallery-icon landscape'>\n\t\t\t\t<a href='http:\/\/finnairinsukeltajat.fi\/?attachment_id=884'><img loading=\"lazy\" decoding=\"async\" width=\"150\" height=\"150\" src=\"https:\/\/i0.wp.com\/finnairinsukeltajat.fi\/wp-content\/uploads\/2016\/02\/eira4.jpg?resize=150%2C150\" class=\"attachment-thumbnail size-thumbnail\" alt=\"\" srcset=\"https:\/\/i0.wp.com\/finnairinsukeltajat.fi\/wp-content\/uploads\/2016\/02\/eira4.jpg?resize=150%2C150 150w, https:\/\/i0.wp.com\/finnairinsukeltajat.fi\/wp-content\/uploads\/2016\/02\/eira4.jpg?resize=88%2C88 88w\" sizes=\"auto, (max-width: 150px) 100vw, 150px\" \/><\/a>\n\t\t\t<\/dt><\/dl><dl class='gallery-item'>\n\t\t\t<dt class='gallery-icon landscape'>\n\t\t\t\t<a href='http:\/\/finnairinsukeltajat.fi\/?attachment_id=885'><img loading=\"lazy\" decoding=\"async\" width=\"150\" height=\"150\" src=\"https:\/\/i0.wp.com\/finnairinsukeltajat.fi\/wp-content\/uploads\/2016\/02\/eira5.jpg?resize=150%2C150\" class=\"attachment-thumbnail size-thumbnail\" alt=\"\" aria-describedby=\"gallery-1-885\" srcset=\"https:\/\/i0.wp.com\/finnairinsukeltajat.fi\/wp-content\/uploads\/2016\/02\/eira5.jpg?resize=150%2C150 150w, https:\/\/i0.wp.com\/finnairinsukeltajat.fi\/wp-content\/uploads\/2016\/02\/eira5.jpg?resize=88%2C88 88w\" sizes=\"auto, (max-width: 150px) 100vw, 150px\" \/><\/a>\n\t\t\t<\/dt>\n\t\t\t\t<dd class='wp-caption-text gallery-caption' id='gallery-1-885'>\n\t\t\t\tMatkalla johonkin\n\t\t\t\t<\/dd><\/dl><dl class='gallery-item'>\n\t\t\t<dt class='gallery-icon landscape'>\n\t\t\t\t<a href='http:\/\/finnairinsukeltajat.fi\/?attachment_id=886'><img loading=\"lazy\" decoding=\"async\" width=\"150\" height=\"150\" src=\"https:\/\/i0.wp.com\/finnairinsukeltajat.fi\/wp-content\/uploads\/2016\/02\/eira6.jpg?resize=150%2C150\" class=\"attachment-thumbnail size-thumbnail\" alt=\"\" aria-describedby=\"gallery-1-886\" srcset=\"https:\/\/i0.wp.com\/finnairinsukeltajat.fi\/wp-content\/uploads\/2016\/02\/eira6.jpg?resize=150%2C150 150w, https:\/\/i0.wp.com\/finnairinsukeltajat.fi\/wp-content\/uploads\/2016\/02\/eira6.jpg?resize=88%2C88 88w, https:\/\/i0.wp.com\/finnairinsukeltajat.fi\/wp-content\/uploads\/2016\/02\/eira6.jpg?zoom=2&amp;resize=150%2C150 300w\" sizes=\"auto, (max-width: 150px) 100vw, 150px\" \/><\/a>\n\t\t\t<\/dt>\n\t\t\t\t<dd class='wp-caption-text gallery-caption' id='gallery-1-886'>\n\t\t\t\tKomentosilta laitteineen joita kyll\u00e4k\u00e4\u00e4n ei paljoa ole tallella\n\t\t\t\t<\/dd><\/dl><br style=\"clear: both\" \/><dl class='gallery-item'>\n\t\t\t<dt class='gallery-icon landscape'>\n\t\t\t\t<a href='http:\/\/finnairinsukeltajat.fi\/?attachment_id=890'><img loading=\"lazy\" decoding=\"async\" width=\"150\" height=\"137\" src=\"https:\/\/i0.wp.com\/finnairinsukeltajat.fi\/wp-content\/uploads\/2016\/02\/eira12.jpg?resize=150%2C137\" class=\"attachment-thumbnail size-thumbnail\" alt=\"\" aria-describedby=\"gallery-1-890\" srcset=\"https:\/\/i0.wp.com\/finnairinsukeltajat.fi\/wp-content\/uploads\/2016\/02\/eira12.jpg?resize=150%2C137 150w, https:\/\/i0.wp.com\/finnairinsukeltajat.fi\/wp-content\/uploads\/2016\/02\/eira12.jpg?zoom=2&amp;resize=150%2C137 300w\" sizes=\"auto, (max-width: 150px) 100vw, 150px\" \/><\/a>\n\t\t\t<\/dt>\n\t\t\t\t<dd class='wp-caption-text gallery-caption' id='gallery-1-890'>\n\t\t\t\tRadiohytin laitteistoa\n\t\t\t\t<\/dd><\/dl><dl class='gallery-item'>\n\t\t\t<dt class='gallery-icon landscape'>\n\t\t\t\t<a href='http:\/\/finnairinsukeltajat.fi\/?attachment_id=897'><img loading=\"lazy\" decoding=\"async\" width=\"150\" height=\"150\" src=\"https:\/\/i0.wp.com\/finnairinsukeltajat.fi\/wp-content\/uploads\/2016\/02\/radhytti-Copy.jpg?resize=150%2C150\" class=\"attachment-thumbnail size-thumbnail\" alt=\"\" aria-describedby=\"gallery-1-897\" srcset=\"https:\/\/i0.wp.com\/finnairinsukeltajat.fi\/wp-content\/uploads\/2016\/02\/radhytti-Copy.jpg?resize=150%2C150 150w, https:\/\/i0.wp.com\/finnairinsukeltajat.fi\/wp-content\/uploads\/2016\/02\/radhytti-Copy.jpg?resize=88%2C88 88w, https:\/\/i0.wp.com\/finnairinsukeltajat.fi\/wp-content\/uploads\/2016\/02\/radhytti-Copy.jpg?zoom=2&amp;resize=150%2C150 300w\" sizes=\"auto, (max-width: 150px) 100vw, 150px\" \/><\/a>\n\t\t\t<\/dt>\n\t\t\t\t<dd class='wp-caption-text gallery-caption' id='gallery-1-897'>\n\t\t\t\tS\u00e4hk\u00f6tt\u00e4j\u00e4n hytti(oviaukko vaalennettu)\n\t\t\t\t<\/dd><\/dl><dl class='gallery-item'>\n\t\t\t<dt class='gallery-icon landscape'>\n\t\t\t\t<a href='http:\/\/finnairinsukeltajat.fi\/?attachment_id=895'><img loading=\"lazy\" decoding=\"async\" width=\"150\" height=\"150\" src=\"https:\/\/i0.wp.com\/finnairinsukeltajat.fi\/wp-content\/uploads\/2016\/02\/kimmo02-Copy.jpg?resize=150%2C150\" class=\"attachment-thumbnail size-thumbnail\" alt=\"\" aria-describedby=\"gallery-1-895\" srcset=\"https:\/\/i0.wp.com\/finnairinsukeltajat.fi\/wp-content\/uploads\/2016\/02\/kimmo02-Copy.jpg?resize=150%2C150 150w, https:\/\/i0.wp.com\/finnairinsukeltajat.fi\/wp-content\/uploads\/2016\/02\/kimmo02-Copy.jpg?resize=88%2C88 88w\" sizes=\"auto, (max-width: 150px) 100vw, 150px\" \/><\/a>\n\t\t\t<\/dt>\n\t\t\t\t<dd class='wp-caption-text gallery-caption' id='gallery-1-895'>\n\t\t\t\tPoistetun ikkuna venttiilin kohdalla\n\t\t\t\t<\/dd><\/dl><dl class='gallery-item'>\n\t\t\t<dt class='gallery-icon landscape'>\n\t\t\t\t<a href='http:\/\/finnairinsukeltajat.fi\/?attachment_id=896'><img loading=\"lazy\" decoding=\"async\" width=\"150\" height=\"150\" src=\"https:\/\/i0.wp.com\/finnairinsukeltajat.fi\/wp-content\/uploads\/2016\/02\/pari-Copy.jpg?resize=150%2C150\" class=\"attachment-thumbnail size-thumbnail\" alt=\"\" srcset=\"https:\/\/i0.wp.com\/finnairinsukeltajat.fi\/wp-content\/uploads\/2016\/02\/pari-Copy.jpg?resize=150%2C150 150w, https:\/\/i0.wp.com\/finnairinsukeltajat.fi\/wp-content\/uploads\/2016\/02\/pari-Copy.jpg?resize=88%2C88 88w, https:\/\/i0.wp.com\/finnairinsukeltajat.fi\/wp-content\/uploads\/2016\/02\/pari-Copy.jpg?zoom=2&amp;resize=150%2C150 300w\" sizes=\"auto, (max-width: 150px) 100vw, 150px\" \/><\/a>\n\t\t\t<\/dt><\/dl><br style=\"clear: both\" \/><dl class='gallery-item'>\n\t\t\t<dt class='gallery-icon landscape'>\n\t\t\t\t<a href='http:\/\/finnairinsukeltajat.fi\/?attachment_id=892'><img loading=\"lazy\" decoding=\"async\" width=\"150\" height=\"150\" src=\"https:\/\/i0.wp.com\/finnairinsukeltajat.fi\/wp-content\/uploads\/2016\/02\/hytti2-Copy.jpg?resize=150%2C150\" class=\"attachment-thumbnail size-thumbnail\" alt=\"\" srcset=\"https:\/\/i0.wp.com\/finnairinsukeltajat.fi\/wp-content\/uploads\/2016\/02\/hytti2-Copy.jpg?resize=150%2C150 150w, https:\/\/i0.wp.com\/finnairinsukeltajat.fi\/wp-content\/uploads\/2016\/02\/hytti2-Copy.jpg?resize=88%2C88 88w, https:\/\/i0.wp.com\/finnairinsukeltajat.fi\/wp-content\/uploads\/2016\/02\/hytti2-Copy.jpg?zoom=2&amp;resize=150%2C150 300w\" sizes=\"auto, (max-width: 150px) 100vw, 150px\" \/><\/a>\n\t\t\t<\/dt><\/dl><dl class='gallery-item'>\n\t\t\t<dt class='gallery-icon landscape'>\n\t\t\t\t<a href='http:\/\/finnairinsukeltajat.fi\/?attachment_id=898'><img loading=\"lazy\" decoding=\"async\" width=\"150\" height=\"150\" src=\"https:\/\/i0.wp.com\/finnairinsukeltajat.fi\/wp-content\/uploads\/2016\/02\/skylet-Copy.jpg?resize=150%2C150\" class=\"attachment-thumbnail size-thumbnail\" alt=\"\" srcset=\"https:\/\/i0.wp.com\/finnairinsukeltajat.fi\/wp-content\/uploads\/2016\/02\/skylet-Copy.jpg?resize=150%2C150 150w, https:\/\/i0.wp.com\/finnairinsukeltajat.fi\/wp-content\/uploads\/2016\/02\/skylet-Copy.jpg?resize=88%2C88 88w, https:\/\/i0.wp.com\/finnairinsukeltajat.fi\/wp-content\/uploads\/2016\/02\/skylet-Copy.jpg?zoom=2&amp;resize=150%2C150 300w, https:\/\/i0.wp.com\/finnairinsukeltajat.fi\/wp-content\/uploads\/2016\/02\/skylet-Copy.jpg?zoom=3&amp;resize=150%2C150 450w\" sizes=\"auto, (max-width: 150px) 100vw, 150px\" \/><\/a>\n\t\t\t<\/dt><\/dl><dl class='gallery-item'>\n\t\t\t<dt class='gallery-icon landscape'>\n\t\t\t\t<a href='http:\/\/finnairinsukeltajat.fi\/?attachment_id=882'><img loading=\"lazy\" decoding=\"async\" width=\"150\" height=\"75\" src=\"https:\/\/i0.wp.com\/finnairinsukeltajat.fi\/wp-content\/uploads\/2016\/02\/eira2.jpg?resize=150%2C75\" class=\"attachment-thumbnail size-thumbnail\" alt=\"\" \/><\/a>\n\t\t\t<\/dt><\/dl>\n\t\t\t<br style='clear: both' \/>\n\t\t<\/div>\n\n<h2><strong>Eiran l\u00e4pileikkaus<br \/><\/strong><\/h2>\n<p><a href=\"https:\/\/i0.wp.com\/finnairinsukeltajat.fi\/wp-content\/uploads\/2016\/02\/eiramv2.jpg\"><img data-recalc-dims=\"1\" loading=\"lazy\" decoding=\"async\" class=\"alignnone size-full wp-image-873\" src=\"https:\/\/i0.wp.com\/finnairinsukeltajat.fi\/wp-content\/uploads\/2016\/02\/eiramv2.jpg?resize=750%2C139\" alt=\"eiramv2\" width=\"750\" height=\"139\" srcset=\"https:\/\/i0.wp.com\/finnairinsukeltajat.fi\/wp-content\/uploads\/2016\/02\/eiramv2.jpg?w=1508 1508w, https:\/\/i0.wp.com\/finnairinsukeltajat.fi\/wp-content\/uploads\/2016\/02\/eiramv2.jpg?resize=300%2C56 300w, https:\/\/i0.wp.com\/finnairinsukeltajat.fi\/wp-content\/uploads\/2016\/02\/eiramv2.jpg?resize=1024%2C190 1024w, https:\/\/i0.wp.com\/finnairinsukeltajat.fi\/wp-content\/uploads\/2016\/02\/eiramv2.jpg?resize=900%2C167 900w, https:\/\/i0.wp.com\/finnairinsukeltajat.fi\/wp-content\/uploads\/2016\/02\/eiramv2.jpg?resize=1280%2C238 1280w\" sizes=\"auto, (max-width: 750px) 100vw, 750px\" \/><\/a><\/p>\n<p><a href=\"http:\/\/finnairinsukeltajat.fi\/?attachment_id=872\" rel=\"attachment wp-att-872\"><img data-recalc-dims=\"1\" loading=\"lazy\" decoding=\"async\" class=\"alignnone size-full wp-image-872\" src=\"https:\/\/i0.wp.com\/finnairinsukeltajat.fi\/wp-content\/uploads\/2016\/02\/eiramv1.jpg?resize=750%2C252\" alt=\"eiramv1\" width=\"750\" height=\"252\" srcset=\"https:\/\/i0.wp.com\/finnairinsukeltajat.fi\/wp-content\/uploads\/2016\/02\/eiramv1.jpg?w=1404 1404w, https:\/\/i0.wp.com\/finnairinsukeltajat.fi\/wp-content\/uploads\/2016\/02\/eiramv1.jpg?resize=300%2C101 300w, https:\/\/i0.wp.com\/finnairinsukeltajat.fi\/wp-content\/uploads\/2016\/02\/eiramv1.jpg?resize=1024%2C344 1024w, https:\/\/i0.wp.com\/finnairinsukeltajat.fi\/wp-content\/uploads\/2016\/02\/eiramv1.jpg?resize=900%2C302 900w, https:\/\/i0.wp.com\/finnairinsukeltajat.fi\/wp-content\/uploads\/2016\/02\/eiramv1.jpg?resize=1280%2C429 1280w\" sizes=\"auto, (max-width: 750px) 100vw, 750px\" \/><\/a><\/p>\n<p>\u00a0<\/p>\n\n\n<p><\/p>\n","protected":false},"excerpt":{"rendered":"<p>Eira upposi 1967 pohjakosketuksen j\u00e4lkeen n.50m syvyyteen. Laiva on oikein p\u00e4in ja suhteellisen ehj\u00e4. Konehuoneen skyletit on romahtanut ja sis\u00e4tiloja purettu. My\u00f6s ikkuna venttiileit\u00e4 poistettu.Videon alussa ollaan komentosillalla. Sitten k\u00e4yd\u00e4\u00e4n taaenpana. Videolla valokuvia suunnilleen samoista paikoista jossa sukelletaan. Kuvannut J. Myllymaa jolla oikeudet.Tiedosto on suht&#8217; iso, 3.2M. Modeemilla ladattaessa kest\u00e4\u00e4 [&hellip;]<\/p>\n","protected":false},"author":3,"featured_media":0,"parent":0,"menu_order":20,"comment_status":"closed","ping_status":"closed","template":"","meta":{"footnotes":""},"class_list":["post-865","page","type-page","status-publish","hentry"],"jetpack_sharing_enabled":true,"_links":{"self":[{"href":"http:\/\/finnairinsukeltajat.fi\/index.php?rest_route=\/wp\/v2\/pages\/865","targetHints":{"allow":["GET"]}}],"collection":[{"href":"http:\/\/finnairinsukeltajat.fi\/index.php?rest_route=\/wp\/v2\/pages"}],"about":[{"href":"http:\/\/finnairinsukeltajat.fi\/index.php?rest_route=\/wp\/v2\/types\/page"}],"author":[{"embeddable":true,"href":"http:\/\/finnairinsukeltajat.fi\/index.php?rest_route=\/wp\/v2\/users\/3"}],"replies":[{"embeddable":true,"href":"http:\/\/finnairinsukeltajat.fi\/index.php?rest_route=%2Fwp%2Fv2%2Fcomments&post=865"}],"version-history":[{"count":8,"href":"http:\/\/finnairinsukeltajat.fi\/index.php?rest_route=\/wp\/v2\/pages\/865\/revisions"}],"predecessor-version":[{"id":47257,"href":"http:\/\/finnairinsukeltajat.fi\/index.php?rest_route=\/wp\/v2\/pages\/865\/revisions\/47257"}],"wp:attachment":[{"href":"http:\/\/finnairinsukeltajat.fi\/index.php?rest_route=%2Fwp%2Fv2%2Fmedia&parent=865"}],"curies":[{"name":"wp","href":"https:\/\/api.w.org\/{rel}","templated":true}]}}